{"id":1096,"date":"2020-09-09T12:26:13","date_gmt":"2020-09-09T10:26:13","guid":{"rendered":"https:\/\/campinglaspalmeras.com\/phone-booth\/"},"modified":"2025-02-18T16:02:08","modified_gmt":"2025-02-18T15:02:08","slug":"aufladen-von-elektroautos","status":"publish","type":"page","link":"https:\/\/campinglaspalmeras.com\/de\/services-2\/aufladen-von-elektroautos\/","title":{"rendered":"Aufladen von Elektroautos"},"content":{"rendered":"\n<style type=\"text\/css\" data-created_by=\"avia_inline_auto\" id=\"style-css-av-ketpt1xq-a9da0701922bfcfe586dcc597776d9d9\">\n.avia-section.av-ketpt1xq-a9da0701922bfcfe586dcc597776d9d9 .av-parallax .av-parallax-inner{\nbackground-repeat:no-repeat;\nbackground-image:url(https:\/\/campinglaspalmeras.com\/wp-content\/uploads\/2020\/09\/van-vintage-2285126_1280.jpg);\nbackground-position:50% 50%;\nbackground-attachment:scroll;\n}\n.avia-section.av-ketpt1xq-a9da0701922bfcfe586dcc597776d9d9 .av-section-color-overlay{\nopacity:0.8;\nbackground-color:#2d2d2d;\n}\n<\/style>\n<div id='av_section_1'  class='avia-section av-ketpt1xq-a9da0701922bfcfe586dcc597776d9d9 main_color avia-section-default avia-no-border-styling  avia-builder-el-0  el_before_av_slideshow  avia-builder-el-first  av-parallax-section avia-bg-style-parallax av-section-color-overlay-active container_wrap sidebar_right'  data-section-bg-repeat='no-repeat'><div class='av-parallax' data-avia-parallax-ratio='0.3' ><div class='av-parallax-inner main_color avia-full-stretch'><\/div><\/div><div class=\"av-section-color-overlay-wrap\"><div class=\"av-section-color-overlay\"><\/div><div class='container av-section-cont-open' ><main  role=\"main\" itemprop=\"mainContentOfPage\"  class='template-page content  av-content-small alpha units'><div class='post-entry post-entry-type-page post-entry-1096'><div class='entry-content-wrapper clearfix'>\n\n<style type=\"text\/css\" data-created_by=\"avia_inline_auto\" id=\"style-css-av-kisor9z6-1e74ff6f0c4562892a19d3f60ad3a4a8\">\n#top .av-special-heading.av-kisor9z6-1e74ff6f0c4562892a19d3f60ad3a4a8{\npadding-bottom:10px;\ncolor:#ffffff;\n}\nbody .av-special-heading.av-kisor9z6-1e74ff6f0c4562892a19d3f60ad3a4a8 .av-special-heading-tag .heading-char{\nfont-size:25px;\n}\n.av-special-heading.av-kisor9z6-1e74ff6f0c4562892a19d3f60ad3a4a8 .special-heading-inner-border{\nborder-color:#ffffff;\n}\n.av-special-heading.av-kisor9z6-1e74ff6f0c4562892a19d3f60ad3a4a8 .av-subheading{\nfont-size:15px;\n}\n<\/style>\n<div  class='av-special-heading av-kisor9z6-1e74ff6f0c4562892a19d3f60ad3a4a8 av-special-heading-h1 custom-color-heading blockquote modern-quote modern-centered  avia-builder-el-1  avia-builder-el-no-sibling '><h1 class='av-special-heading-tag'  itemprop=\"headline\"  >Aufladen von Elektroautos<\/h1><div class=\"special-heading-border\"><div class=\"special-heading-inner-border\"><\/div><\/div><\/div>\n<\/div><\/div><\/main><!-- close content main element --><\/div><\/div><\/div><div id='after_section_1'  class='main_color av_default_container_wrap container_wrap sidebar_right'  ><div class='container av-section-cont-open' ><div class='template-page content  av-content-small alpha units'><div class='post-entry post-entry-type-page post-entry-1096'><div class='entry-content-wrapper clearfix'>\n<div  class='avia-slideshow av-kqjm89tz-0ffe9ecbfed41d9eae9955e4bfcd9789 avia-slideshow-featured av_slideshow avia-slide-slider  avia-builder-el-2  el_after_av_section  el_before_av_hr  avia-builder-el-first  av-slideshow-ui av-control-default av-slideshow-autoplay av-loop-endless av-loop-manual-endless av-default-height-applied avia-slideshow-1' data-slideshow-options=\"{&quot;animation&quot;:&quot;slide&quot;,&quot;autoplay&quot;:true,&quot;loop_autoplay&quot;:&quot;endless&quot;,&quot;interval&quot;:5,&quot;loop_manual&quot;:&quot;manual-endless&quot;,&quot;autoplay_stopper&quot;:false,&quot;noNavigation&quot;:false,&quot;bg_slider&quot;:false,&quot;keep_padding&quot;:false,&quot;hoverpause&quot;:false,&quot;show_slide_delay&quot;:0}\"  itemprop=\"image\" itemscope=\"itemscope\" itemtype=\"https:\/\/schema.org\/ImageObject\" ><ul class='avia-slideshow-inner ' style='padding-bottom: 35.130718954248%;'><li  class='avia-slideshow-slide av-kqjm89tz-0ffe9ecbfed41d9eae9955e4bfcd9789__0  slide-1 slide-odd'><div data-rel='slideshow-1' class='avia-slide-wrap '   ><img decoding=\"async\" class=\"wp-image-5632 avia-img-lazy-loading-not-5632\"  src=\"https:\/\/campinglaspalmeras.com\/wp-content\/uploads\/2021\/06\/Coche-electric-01-1224x430.jpg\" width=\"1224\" height=\"430\" title='Coche electric 01' alt=''  itemprop=\"thumbnailUrl\"   \/><\/div><\/li><li  class='avia-slideshow-slide av-kqjm89tz-0ffe9ecbfed41d9eae9955e4bfcd9789__1  slide-2 slide-even'><div data-rel='slideshow-1' class='avia-slide-wrap '   ><img decoding=\"async\" class=\"wp-image-5624 avia-img-lazy-loading-not-5624\"  src=\"https:\/\/campinglaspalmeras.com\/wp-content\/uploads\/2021\/06\/Coche-electric-02-1224x430.jpg\" width=\"1224\" height=\"430\" title='Coche electric 02' alt=''  itemprop=\"thumbnailUrl\"   \/><\/div><\/li><\/ul><div class='avia-slideshow-arrows avia-slideshow-controls' ><a href='#prev' class='prev-slide ' aria-hidden='true' data-av_icon='\ue87c' data-av_iconfont='entypo-fontello'  tabindex='-1'>Zur\u00fcck<\/a><a href='#next' class='next-slide ' aria-hidden='true' data-av_icon='\ue87d' data-av_iconfont='entypo-fontello'  tabindex='-1'>Weiter<\/a><\/div><div class='avia-slideshow-dots avia-slideshow-controls'><a href='#1' class='goto-slide active' >1<\/a><a href='#2' class='goto-slide ' >2<\/a><\/div><\/div>\n\n<style type=\"text\/css\" data-created_by=\"avia_inline_auto\" id=\"style-css-av-cn64a-f8c93c8fa29c95517986110fcd4ad128\">\n#top .hr.hr-invisible.av-cn64a-f8c93c8fa29c95517986110fcd4ad128{\nheight:30px;\n}\n<\/style>\n<div  class='hr av-cn64a-f8c93c8fa29c95517986110fcd4ad128 hr-invisible  avia-builder-el-3  el_after_av_slideshow  el_before_av_textblock '><span class='hr-inner '><span class=\"hr-inner-style\"><\/span><\/span><\/div>\n<section  class='av_textblock_section av-kev9ggwi-00dfd4eabd1b685adbe73580df0d32dd '   itemscope=\"itemscope\" itemtype=\"https:\/\/schema.org\/CreativeWork\" ><div class='avia_textblock'  itemprop=\"text\" ><p style=\"text-align: center;\">Wir haben die Infrastruktur f\u00fcr das Laden von Elektroautos erweitert. Jetzt stehen <strong>12 Ladepunkte<\/strong> zur Verf\u00fcgung, statt der vorherigen 4.<\/p>\n<p style=\"text-align: center;\"><strong>Wichtig:<\/strong> Bitte denken Sie daran, Ihr spezielles Kabel oder Adapter mitzubringen, da die Steckdosen vom <strong>SHUKO<\/strong>-Typ sind.<\/p>\n<\/div><\/section>\n\n<style type=\"text\/css\" data-created_by=\"avia_inline_auto\" id=\"style-css-av-8cc1m-e6c93b51e96b0b3989a3f803b89095ac\">\n#top .hr.hr-invisible.av-8cc1m-e6c93b51e96b0b3989a3f803b89095ac{\nheight:30px;\n}\n<\/style>\n<div  class='hr av-8cc1m-e6c93b51e96b0b3989a3f803b89095ac hr-invisible  avia-builder-el-5  el_after_av_textblock  el_before_av_button '><span class='hr-inner '><span class=\"hr-inner-style\"><\/span><\/span><\/div>\n<div  class='avia-button-wrap av-kev8plwe-cb14e9ec53c3b6467699b63a009a8431-wrap avia-button-center  avia-builder-el-6  el_after_av_hr  avia-builder-el-last '><a href='https:\/\/campinglaspalmeras.com\/de\/contact\/'  class='avia-button av-kev8plwe-cb14e9ec53c3b6467699b63a009a8431 avia-icon_select-no avia-size-large avia-position-center avia-color-theme-color'  ><span class='avia_iconbox_title' >Kontakt<\/span><\/a><\/div>\n","protected":false},"excerpt":{"rendered":"","protected":false},"author":1,"featured_media":0,"parent":1773,"menu_order":172,"comment_status":"closed","ping_status":"closed","template":"","meta":[],"yoast_head":"<!-- This site is optimized with the Yoast SEO plugin v20.9 - https:\/\/yoast.com\/wordpress\/plugins\/seo\/ -->\n<title>Aufladen von Elektroautos - Camping Las Palmeras Costa Brava<\/title>\n<meta name=\"description\" content=\"24Std f\u00fcr unsere G\u00e4ste zug\u00e4nglich.\" \/>\n<meta name=\"robots\" content=\"index, follow, max-snippet:-1, max-image-preview:large, max-video-preview:-1\" \/>\n<link rel=\"canonical\" href=\"https:\/\/campinglaspalmeras.com\/de\/services-2\/aufladen-von-elektroautos\/\" \/>\n<meta property=\"og:locale\" content=\"de_DE\" \/>\n<meta property=\"og:type\" content=\"article\" \/>\n<meta property=\"og:title\" content=\"Aufladen von Elektroautos - Camping Las Palmeras Costa Brava\" \/>\n<meta property=\"og:description\" content=\"24Std f\u00fcr unsere G\u00e4ste zug\u00e4nglich.\" \/>\n<meta property=\"og:url\" content=\"https:\/\/campinglaspalmeras.com\/de\/services-2\/aufladen-von-elektroautos\/\" \/>\n<meta property=\"og:site_name\" content=\"Camping Las Palmeras Costa Brava\" \/>\n<meta property=\"article:publisher\" content=\"https:\/\/www.facebook.com\/campingpalmeras\" \/>\n<meta property=\"article:modified_time\" content=\"2025-02-18T15:02:08+00:00\" \/>\n<meta name=\"twitter:card\" content=\"summary_large_image\" \/>\n<meta name=\"twitter:site\" content=\"@CLasPalmeras\" \/>\n<meta name=\"twitter:label1\" content=\"Gesch\u00e4tzte Lesezeit\" \/>\n\t<meta name=\"twitter:data1\" content=\"1\u00a0Minute\" \/>\n<script type=\"application\/ld+json\" class=\"yoast-schema-graph\">{\"@context\":\"https:\/\/schema.org\",\"@graph\":[{\"@type\":\"WebPage\",\"@id\":\"https:\/\/campinglaspalmeras.com\/de\/services-2\/aufladen-von-elektroautos\/\",\"url\":\"https:\/\/campinglaspalmeras.com\/de\/services-2\/aufladen-von-elektroautos\/\",\"name\":\"Aufladen von Elektroautos - Camping Las Palmeras Costa Brava\",\"isPartOf\":{\"@id\":\"https:\/\/campinglaspalmeras.com\/ca\/#website\"},\"datePublished\":\"2020-09-09T10:26:13+00:00\",\"dateModified\":\"2025-02-18T15:02:08+00:00\",\"description\":\"24Std f\u00fcr unsere G\u00e4ste zug\u00e4nglich.\",\"breadcrumb\":{\"@id\":\"https:\/\/campinglaspalmeras.com\/de\/services-2\/aufladen-von-elektroautos\/#breadcrumb\"},\"inLanguage\":\"de\",\"potentialAction\":[{\"@type\":\"ReadAction\",\"target\":[\"https:\/\/campinglaspalmeras.com\/de\/services-2\/aufladen-von-elektroautos\/\"]}]},{\"@type\":\"BreadcrumbList\",\"@id\":\"https:\/\/campinglaspalmeras.com\/de\/services-2\/aufladen-von-elektroautos\/#breadcrumb\",\"itemListElement\":[{\"@type\":\"ListItem\",\"position\":1,\"name\":\"Portada\",\"item\":\"https:\/\/campinglaspalmeras.com\/de\/home\/\"},{\"@type\":\"ListItem\",\"position\":2,\"name\":\"Installationen\",\"item\":\"https:\/\/campinglaspalmeras.com\/de\/services-2\/\"},{\"@type\":\"ListItem\",\"position\":3,\"name\":\"Aufladen von Elektroautos\"}]},{\"@type\":\"WebSite\",\"@id\":\"https:\/\/campinglaspalmeras.com\/ca\/#website\",\"url\":\"https:\/\/campinglaspalmeras.com\/ca\/\",\"name\":\"Camping Las Palmeras Costa Brava\",\"description\":\"Camping Las Palmeras Costa Brava\",\"potentialAction\":[{\"@type\":\"SearchAction\",\"target\":{\"@type\":\"EntryPoint\",\"urlTemplate\":\"https:\/\/campinglaspalmeras.com\/ca\/?s={search_term_string}\"},\"query-input\":\"required name=search_term_string\"}],\"inLanguage\":\"de\"}]}<\/script>\n<!-- \/ Yoast SEO plugin. -->","yoast_head_json":{"title":"Aufladen von Elektroautos - Camping Las Palmeras Costa Brava","description":"24Std f\u00fcr unsere G\u00e4ste zug\u00e4nglich.","robots":{"index":"index","follow":"follow","max-snippet":"max-snippet:-1","max-image-preview":"max-image-preview:large","max-video-preview":"max-video-preview:-1"},"canonical":"https:\/\/campinglaspalmeras.com\/de\/services-2\/aufladen-von-elektroautos\/","og_locale":"de_DE","og_type":"article","og_title":"Aufladen von Elektroautos - Camping Las Palmeras Costa Brava","og_description":"24Std f\u00fcr unsere G\u00e4ste zug\u00e4nglich.","og_url":"https:\/\/campinglaspalmeras.com\/de\/services-2\/aufladen-von-elektroautos\/","og_site_name":"Camping Las Palmeras Costa Brava","article_publisher":"https:\/\/www.facebook.com\/campingpalmeras","article_modified_time":"2025-02-18T15:02:08+00:00","twitter_card":"summary_large_image","twitter_site":"@CLasPalmeras","twitter_misc":{"Gesch\u00e4tzte Lesezeit":"1\u00a0Minute"},"schema":{"@context":"https:\/\/schema.org","@graph":[{"@type":"WebPage","@id":"https:\/\/campinglaspalmeras.com\/de\/services-2\/aufladen-von-elektroautos\/","url":"https:\/\/campinglaspalmeras.com\/de\/services-2\/aufladen-von-elektroautos\/","name":"Aufladen von Elektroautos - Camping Las Palmeras Costa Brava","isPartOf":{"@id":"https:\/\/campinglaspalmeras.com\/ca\/#website"},"datePublished":"2020-09-09T10:26:13+00:00","dateModified":"2025-02-18T15:02:08+00:00","description":"24Std f\u00fcr unsere G\u00e4ste zug\u00e4nglich.","breadcrumb":{"@id":"https:\/\/campinglaspalmeras.com\/de\/services-2\/aufladen-von-elektroautos\/#breadcrumb"},"inLanguage":"de","potentialAction":[{"@type":"ReadAction","target":["https:\/\/campinglaspalmeras.com\/de\/services-2\/aufladen-von-elektroautos\/"]}]},{"@type":"BreadcrumbList","@id":"https:\/\/campinglaspalmeras.com\/de\/services-2\/aufladen-von-elektroautos\/#breadcrumb","itemListElement":[{"@type":"ListItem","position":1,"name":"Portada","item":"https:\/\/campinglaspalmeras.com\/de\/home\/"},{"@type":"ListItem","position":2,"name":"Installationen","item":"https:\/\/campinglaspalmeras.com\/de\/services-2\/"},{"@type":"ListItem","position":3,"name":"Aufladen von Elektroautos"}]},{"@type":"WebSite","@id":"https:\/\/campinglaspalmeras.com\/ca\/#website","url":"https:\/\/campinglaspalmeras.com\/ca\/","name":"Camping Las Palmeras Costa Brava","description":"Camping Las Palmeras Costa Brava","potentialAction":[{"@type":"SearchAction","target":{"@type":"EntryPoint","urlTemplate":"https:\/\/campinglaspalmeras.com\/ca\/?s={search_term_string}"},"query-input":"required name=search_term_string"}],"inLanguage":"de"}]}},"_links":{"self":[{"href":"https:\/\/campinglaspalmeras.com\/de\/wp-json\/wp\/v2\/pages\/1096"}],"collection":[{"href":"https:\/\/campinglaspalmeras.com\/de\/wp-json\/wp\/v2\/pages"}],"about":[{"href":"https:\/\/campinglaspalmeras.com\/de\/wp-json\/wp\/v2\/types\/page"}],"author":[{"embeddable":true,"href":"https:\/\/campinglaspalmeras.com\/de\/wp-json\/wp\/v2\/users\/1"}],"replies":[{"embeddable":true,"href":"https:\/\/campinglaspalmeras.com\/de\/wp-json\/wp\/v2\/comments?post=1096"}],"version-history":[{"count":7,"href":"https:\/\/campinglaspalmeras.com\/de\/wp-json\/wp\/v2\/pages\/1096\/revisions"}],"predecessor-version":[{"id":9439,"href":"https:\/\/campinglaspalmeras.com\/de\/wp-json\/wp\/v2\/pages\/1096\/revisions\/9439"}],"up":[{"embeddable":true,"href":"https:\/\/campinglaspalmeras.com\/de\/wp-json\/wp\/v2\/pages\/1773"}],"wp:attachment":[{"href":"https:\/\/campinglaspalmeras.com\/de\/wp-json\/wp\/v2\/media?parent=1096"}],"curies":[{"name":"wp","href":"https:\/\/api.w.org\/{rel}","templated":true}]}}