{"id":754,"date":"2015-07-06T18:51:09","date_gmt":"2015-07-06T18:51:09","guid":{"rendered":"https:\/\/campinglaspalmeras.com\/home\/"},"modified":"2026-01-15T16:45:32","modified_gmt":"2026-01-15T15:45:32","slug":"accueil","status":"publish","type":"page","link":"https:\/\/campinglaspalmeras.com\/fr\/","title":{"rendered":"Accueil"},"content":{"rendered":"<div   class='avia-fullscreen-slider main_color   avia-builder-el-0  el_before_av_section  avia-builder-el-first  container_wrap sidebar_right'  >\n<style type=\"text\/css\" data-created_by=\"avia_inline_auto\" id=\"style-css-av-k88uw2c9-6a00d943f6ea154695bf5f63fda02428\">\n#top .avia-slideshow .av-slideshow-caption.av-k88uw2c9-6a00d943f6ea154695bf5f63fda02428__0 .avia-caption-content{\nfont-size:25px;\n}\n#top .avia-slideshow .av-slideshow-caption.av-k88uw2c9-6a00d943f6ea154695bf5f63fda02428__0 .avia-caption-content p{\nfont-size:25px;\n}\n#top .avia-slideshow .av-slideshow-caption.av-k88uw2c9-6a00d943f6ea154695bf5f63fda02428__1 .avia-caption-content{\nfont-size:25px;\n}\n#top .avia-slideshow .av-slideshow-caption.av-k88uw2c9-6a00d943f6ea154695bf5f63fda02428__1 .avia-caption-content p{\nfont-size:25px;\n}\n#top .avia-slideshow .av-slideshow-caption.av-k88uw2c9-6a00d943f6ea154695bf5f63fda02428__2 .avia-caption-content{\nfont-size:25px;\n}\n#top .avia-slideshow .av-slideshow-caption.av-k88uw2c9-6a00d943f6ea154695bf5f63fda02428__2 .avia-caption-content p{\nfont-size:25px;\n}\n#top .avia-slideshow .av-slideshow-caption.av-k88uw2c9-6a00d943f6ea154695bf5f63fda02428__3 .avia-caption-content{\nfont-size:25px;\n}\n#top .avia-slideshow .av-slideshow-caption.av-k88uw2c9-6a00d943f6ea154695bf5f63fda02428__3 .avia-caption-content p{\nfont-size:25px;\n}\n#top .avia-slideshow .av-slideshow-caption.av-k88uw2c9-6a00d943f6ea154695bf5f63fda02428__4 .avia-caption-content{\nfont-size:25px;\n}\n#top .avia-slideshow .av-slideshow-caption.av-k88uw2c9-6a00d943f6ea154695bf5f63fda02428__4 .avia-caption-content p{\nfont-size:25px;\n}\n#top .avia-slideshow .av-slideshow-caption.av-k88uw2c9-6a00d943f6ea154695bf5f63fda02428__5 .avia-caption-content{\nfont-size:25px;\n}\n#top .avia-slideshow .av-slideshow-caption.av-k88uw2c9-6a00d943f6ea154695bf5f63fda02428__5 .avia-caption-content p{\nfont-size:25px;\n}\n<\/style>\n<a href='#next-section' title='' class='scroll-down-link av-control-hidden' aria-hidden='true' data-av_icon='\ue877' data-av_iconfont='entypo-fontello'><\/a><div  class='avia-slideshow av-k88uw2c9-6a00d943f6ea154695bf5f63fda02428 avia-slideshow-no scaling av_fullscreen avia-fade-slider av-slideshow-ui av-control-hidden av-no-slider-navigation av-hide-nav-arrows av-slideshow-autoplay av-loop-endless av-loop-manual-endless av-slider-scroll-down-active av-default-height-applied   avia-slideshow-1' data-slideshow-options=\"{&quot;animation&quot;:&quot;fade&quot;,&quot;autoplay&quot;:true,&quot;loop_autoplay&quot;:&quot;endless&quot;,&quot;interval&quot;:6,&quot;loop_manual&quot;:&quot;manual-endless&quot;,&quot;autoplay_stopper&quot;:false,&quot;noNavigation&quot;:true,&quot;bg_slider&quot;:true,&quot;keep_padding&quot;:false,&quot;hoverpause&quot;:false,&quot;show_slide_delay&quot;:0,&quot;slide_height&quot;:&quot;100&quot;,&quot;image_attachment&quot;:&quot;&quot;}\"  itemprop=\"image\" itemscope=\"itemscope\" itemtype=\"https:\/\/schema.org\/ImageObject\" ><ul class='avia-slideshow-inner ' style='padding-bottom: 56.212121212121%;'><li style='background-position:center center;' data-img-url='https:\/\/campinglaspalmeras.com\/wp-content\/uploads\/2024\/07\/slidepiscines.jpg' class='avia-slideshow-slide av-k88uw2c9-6a00d943f6ea154695bf5f63fda02428__0  slide-1 slide-odd'><div data-rel='slideshow-1' class='avia-slide-wrap '   ><div class='av-slideshow-caption av-k88uw2c9-6a00d943f6ea154695bf5f63fda02428__0 caption_fullwidth caption_right caption_right_framed caption_framed'><div class=\"container caption_container\"><div class=\"slideshow_caption\"><div class=\"slideshow_inner_caption\"><div class=\"slideshow_align_caption\"><h2 class='avia-caption-title '  itemprop=\"name\" >Trois piscines, dont une climatis\u00e9e,<\/h2><div class='avia-caption-content '  itemprop=\"description\" ><p>pour en profiter pendant toute la saison<\/p>\n<\/div><\/div><\/div><\/div><\/div><\/div><\/div><\/li><li style='background-position:center center;' data-img-url='https:\/\/campinglaspalmeras.com\/wp-content\/uploads\/2023\/03\/1.Sentiu-el-mediterrani.jpg' class='avia-slideshow-slide av-k88uw2c9-6a00d943f6ea154695bf5f63fda02428__1  slide-2 slide-even'><div data-rel='slideshow-1' class='avia-slide-wrap '   ><div class='av-slideshow-caption av-k88uw2c9-6a00d943f6ea154695bf5f63fda02428__1 caption_fullwidth caption_left caption_left_framed caption_framed'><div class=\"container caption_container\"><div class=\"slideshow_caption\"><div class=\"slideshow_inner_caption\"><div class=\"slideshow_align_caption\"><h2 class='avia-caption-title '  itemprop=\"name\" >Vivez la M\u00e9diterran\u00e9e<\/h2><div class='avia-caption-content '  itemprop=\"description\" ><p>sur la Costa Brava<\/p>\n<\/div><\/div><\/div><\/div><\/div><\/div><\/div><\/li><li style='background-position:center center;' data-img-url='https:\/\/campinglaspalmeras.com\/wp-content\/uploads\/2024\/07\/slideplageneral.jpg' class='avia-slideshow-slide av-k88uw2c9-6a00d943f6ea154695bf5f63fda02428__2  slide-3 slide-odd'><div data-rel='slideshow-1' class='avia-slide-wrap '   ><div class='av-slideshow-caption av-k88uw2c9-6a00d943f6ea154695bf5f63fda02428__2 caption_fullwidth caption_left caption_left_framed caption_framed'><div class=\"container caption_container\"><div class=\"slideshow_caption\"><div class=\"slideshow_inner_caption\"><div class=\"slideshow_align_caption\"><h2 class='avia-caption-title '  itemprop=\"name\" >Costa Brava, top travel destination<\/h2><div class='avia-caption-content '  itemprop=\"description\" ><p>National Geographic<\/p>\n<\/div><\/div><\/div><\/div><\/div><\/div><\/div><\/li><li style='background-position:center center;' data-img-url='https:\/\/campinglaspalmeras.com\/wp-content\/uploads\/2023\/03\/4.Natura-Lluny-turisme-masses.jpg' class='avia-slideshow-slide av-k88uw2c9-6a00d943f6ea154695bf5f63fda02428__3  slide-4 slide-even'><div data-rel='slideshow-1' class='avia-slide-wrap '   ><div class='av-slideshow-caption av-k88uw2c9-6a00d943f6ea154695bf5f63fda02428__3 caption_fullwidth caption_right caption_right_framed caption_framed'><div class=\"container caption_container\"><div class=\"slideshow_caption\"><div class=\"slideshow_inner_caption\"><div class=\"slideshow_align_caption\"><h2 class='avia-caption-title '  itemprop=\"name\" >Nature 100%<\/h2><div class='avia-caption-content '  itemprop=\"description\" ><p>Loin du tourisme de masse<\/p>\n<\/div><\/div><\/div><\/div><\/div><\/div><\/div><\/li><li style='background-position:center center;' data-img-url='https:\/\/campinglaspalmeras.com\/wp-content\/uploads\/2023\/03\/5.Cicloturisme.jpg' class='avia-slideshow-slide av-k88uw2c9-6a00d943f6ea154695bf5f63fda02428__4  slide-5 slide-odd'><div data-rel='slideshow-1' class='avia-slide-wrap '   ><div class='av-slideshow-caption av-k88uw2c9-6a00d943f6ea154695bf5f63fda02428__4 caption_fullwidth caption_left caption_left_framed caption_framed'><div class=\"container caption_container\"><div class=\"slideshow_caption\"><div class=\"slideshow_inner_caption\"><div class=\"slideshow_align_caption\"><h2 class='avia-caption-title '  itemprop=\"name\" >Cyclotourisme, Itin\u00e9raires VTT<\/h2><div class='avia-caption-content '  itemprop=\"description\" ><p>Pour toute la famille<\/p>\n<\/div><\/div><\/div><\/div><\/div><\/div><\/div><\/li><li style='background-position:center center;' data-img-url='https:\/\/campinglaspalmeras.com\/wp-content\/uploads\/2023\/03\/6.Restaurant.jpg' class='avia-slideshow-slide av-k88uw2c9-6a00d943f6ea154695bf5f63fda02428__5  slide-6 slide-even'><div data-rel='slideshow-1' class='avia-slide-wrap '   ><div class='av-slideshow-caption av-k88uw2c9-6a00d943f6ea154695bf5f63fda02428__5 caption_fullwidth caption_left caption_left_framed caption_framed'><div class=\"container caption_container\"><div class=\"slideshow_caption\"><div class=\"slideshow_inner_caption\"><div class=\"slideshow_align_caption\"><h2 class='avia-caption-title '  itemprop=\"name\" >Restaurant Las Palmeras, un restaurant prim\u00e9<\/h2><div class='avia-caption-content '  itemprop=\"description\" ><p>Recommand\u00e9 au Restaurant Gourou<\/p>\n<\/div><\/div><\/div><\/div><\/div><\/div><\/div><\/li><\/ul><div class='avia-slideshow-arrows avia-slideshow-controls' ><a href='#prev' class='prev-slide ' aria-hidden='true' data-av_icon='\ue87c' data-av_iconfont='entypo-fontello'  tabindex='-1'>Pr\u00e9c\u00e9dent<\/a><a href='#next' class='next-slide ' aria-hidden='true' data-av_icon='\ue87d' data-av_iconfont='entypo-fontello'  tabindex='-1'>Suivant<\/a><\/div><\/div><\/div>\n\n<style type=\"text\/css\" data-created_by=\"avia_inline_auto\" id=\"style-css-av-kewjxt4p-536139d7196fa894e2d9a06dd80ec103\">\n.avia-section.av-kewjxt4p-536139d7196fa894e2d9a06dd80ec103{\nbackground-color:#ffa300;\nbackground-image:unset;\n}\n<\/style>\n<div id='av_section_1'  class='avia-section av-kewjxt4p-536139d7196fa894e2d9a06dd80ec103 main_color avia-section-default avia-no-border-styling  avia-builder-el-1  el_after_av_fullscreen  el_before_av_section  avia-bg-style-scroll container_wrap sidebar_right'  ><div class='container av-section-cont-open' ><div class='template-page content  av-content-small alpha units'><div class='post-entry post-entry-type-page post-entry-754'><div class='entry-content-wrapper clearfix'>\n\n<style type=\"text\/css\" data-created_by=\"avia_inline_auto\" id=\"style-css-av-lsxu-0b6031a98c38172ae046eddbcd02f19b\">\n.flex_column.av-lsxu-0b6031a98c38172ae046eddbcd02f19b{\n-webkit-border-radius:0px 0px 0px 0px;\n-moz-border-radius:0px 0px 0px 0px;\nborder-radius:0px 0px 0px 0px;\npadding:0px 0px 0px 0px;\n}\n<\/style>\n<div  class='flex_column av-lsxu-0b6031a98c38172ae046eddbcd02f19b av_one_half  avia-builder-el-2  el_before_av_one_half  avia-builder-el-first  first flex_column_div av-zero-column-padding  '     ><style type=\"text\/css\" data-created_by=\"avia_inline_auto\" id=\"style-css-av-kewjzg4r-de2dc0040d82242266311e10e7113a93\">\n#top .av_textblock_section.av-kewjzg4r-de2dc0040d82242266311e10e7113a93 .avia_textblock{\ncolor:#ffffff;\n}\n<\/style>\n<section  class='av_textblock_section av-kewjzg4r-de2dc0040d82242266311e10e7113a93 '   itemscope=\"itemscope\" itemtype=\"https:\/\/schema.org\/CreativeWork\" ><div class='avia_textblock av_inherit_color'  itemprop=\"text\" ><h2>Camping au\u00a0\u00a0Sant Pere Pescador<br \/>\nCosta Brava, G\u00e9rone<\/h2>\n<p><a href=\"https:\/\/campinglaspalmeras.com\/wp-content\/uploads\/2021\/05\/estrellas.png\"><img decoding=\"async\" loading=\"lazy\" class=\"alignnone size-full wp-image-4800\" src=\"https:\/\/campinglaspalmeras.com\/wp-content\/uploads\/2021\/05\/estrellas.png\" alt=\"estrellas\" width=\"191\" height=\"37\" \/><\/a><\/p>\n<\/div><\/section><\/div>\n<style type=\"text\/css\" data-created_by=\"avia_inline_auto\" id=\"style-css-av-ka6q-4ac2acd3247dbb78c44ecadcf1e3e105\">\n.flex_column.av-ka6q-4ac2acd3247dbb78c44ecadcf1e3e105{\n-webkit-border-radius:0px 0px 0px 0px;\n-moz-border-radius:0px 0px 0px 0px;\nborder-radius:0px 0px 0px 0px;\npadding:0px 0px 0px 0px;\n}\n<\/style>\n<div  class='flex_column av-ka6q-4ac2acd3247dbb78c44ecadcf1e3e105 av_one_half  avia-builder-el-4  el_after_av_one_half  avia-builder-el-last  flex_column_div av-zero-column-padding  '     ><div  class='avia-button-wrap av-k88vn1jp-044ed2402dbd5c6d77cad26f841ea258-wrap avia-button-center  avia-builder-el-5  avia-builder-el-no-sibling '><a href='https:\/\/campinglaspalmeras.com\/fr\/reservations\/'  class='avia-button av-k88vn1jp-044ed2402dbd5c6d77cad26f841ea258 avia-icon_select-no avia-size-x-large avia-position-center avia-color-light'  ><span class='avia_iconbox_title' >R\u00e9servations<\/span><\/a><\/div><\/div>\n\n<\/div><\/div><\/div><!-- close content main div --><\/div><\/div>\n<style type=\"text\/css\" data-created_by=\"avia_inline_auto\" id=\"style-css-av-kewjxt4p-a0fbfda4e9130fce5c7dd07f2f96dac3\">\n.avia-section.av-kewjxt4p-a0fbfda4e9130fce5c7dd07f2f96dac3{\nbackground-color:#ffe57f;\nbackground-image:unset;\n}\n<\/style>\n<div id='av_section_2'  class='avia-section av-kewjxt4p-a0fbfda4e9130fce5c7dd07f2f96dac3 main_color avia-section-default avia-no-border-styling  avia-builder-el-6  el_after_av_section  el_before_av_heading  avia-bg-style-scroll container_wrap sidebar_right'  ><div class='container av-section-cont-open' ><div class='template-page content  av-content-small alpha units'><div class='post-entry post-entry-type-page post-entry-754'><div class='entry-content-wrapper clearfix'>\n\n<style type=\"text\/css\" data-created_by=\"avia_inline_auto\" id=\"style-css-av-lsxu-0b6031a98c38172ae046eddbcd02f19b\">\n.flex_column.av-lsxu-0b6031a98c38172ae046eddbcd02f19b{\n-webkit-border-radius:0px 0px 0px 0px;\n-moz-border-radius:0px 0px 0px 0px;\nborder-radius:0px 0px 0px 0px;\npadding:0px 0px 0px 0px;\n}\n<\/style>\n<div  class='flex_column av-lsxu-0b6031a98c38172ae046eddbcd02f19b av_one_fifth  avia-builder-el-7  el_before_av_three_fifth  avia-builder-el-first  first flex_column_div av-zero-column-padding  '     ><\/div>\n<style type=\"text\/css\" data-created_by=\"avia_inline_auto\" id=\"style-css-av-ka6q-4ac2acd3247dbb78c44ecadcf1e3e105\">\n.flex_column.av-ka6q-4ac2acd3247dbb78c44ecadcf1e3e105{\n-webkit-border-radius:0px 0px 0px 0px;\n-moz-border-radius:0px 0px 0px 0px;\nborder-radius:0px 0px 0px 0px;\npadding:0px 0px 0px 0px;\n}\n<\/style>\n<div  class='flex_column av-ka6q-4ac2acd3247dbb78c44ecadcf1e3e105 av_three_fifth  avia-builder-el-8  el_after_av_one_fifth  avia-builder-el-last  flex_column_div av-zero-column-padding  '     ><style type=\"text\/css\" data-created_by=\"avia_inline_auto\" id=\"style-css-av-kv3kgyzk-29dc549b82bc85c809622b0815ec1e20\">\n#top .av-special-heading.av-kv3kgyzk-29dc549b82bc85c809622b0815ec1e20{\npadding-bottom:10px;\n}\nbody .av-special-heading.av-kv3kgyzk-29dc549b82bc85c809622b0815ec1e20 .av-special-heading-tag .heading-char{\nfont-size:25px;\n}\n.av-special-heading.av-kv3kgyzk-29dc549b82bc85c809622b0815ec1e20 .av-subheading{\nfont-size:15px;\n}\n<\/style>\n<div  class='av-special-heading av-kv3kgyzk-29dc549b82bc85c809622b0815ec1e20 av-special-heading-h2 blockquote modern-quote modern-centered  avia-builder-el-9  avia-builder-el-no-sibling '><h2 class='av-special-heading-tag'  itemprop=\"headline\"  >Ouvert du 28\/03\/26 au 31\/10\/26<\/h2><div class=\"special-heading-border\"><div class=\"special-heading-inner-border\"><\/div><\/div><\/div><\/div>\n<\/div><\/div><\/div><!-- close content main div --><\/div><\/div><div id='after_section_2'  class='main_color av_default_container_wrap container_wrap sidebar_right'  ><div class='container av-section-cont-open' ><div class='template-page content  av-content-small alpha units'><div class='post-entry post-entry-type-page post-entry-754'><div class='entry-content-wrapper clearfix'>\n\n<style type=\"text\/css\" data-created_by=\"avia_inline_auto\" id=\"style-css-av-av_heading-6c965cee68934c336e83d2a6c2c979ab\">\n#top .av-special-heading.av-av_heading-6c965cee68934c336e83d2a6c2c979ab{\npadding-bottom:10px;\n}\nbody .av-special-heading.av-av_heading-6c965cee68934c336e83d2a6c2c979ab .av-special-heading-tag .heading-char{\nfont-size:25px;\n}\n.av-special-heading.av-av_heading-6c965cee68934c336e83d2a6c2c979ab .av-subheading{\nfont-size:15px;\n}\n<\/style>\n<div  class='av-special-heading av-av_heading-6c965cee68934c336e83d2a6c2c979ab av-special-heading-h1 blockquote modern-quote modern-centered  avia-builder-el-10  el_after_av_section  el_before_av_hr  avia-builder-el-first '><h1 class='av-special-heading-tag'  itemprop=\"headline\"  >Camping Las Palmeras Costa Brava<\/h1><div class=\"special-heading-border\"><div class=\"special-heading-inner-border\"><\/div><\/div><\/div>\n\n<style type=\"text\/css\" data-created_by=\"avia_inline_auto\" id=\"style-css-av-i202-49867aa770271328f6fead0ad771a9c2\">\n#top .hr.hr-invisible.av-i202-49867aa770271328f6fead0ad771a9c2{\nheight:30px;\n}\n<\/style>\n<div  class='hr av-i202-49867aa770271328f6fead0ad771a9c2 hr-invisible  avia-builder-el-11  el_after_av_heading  el_before_av_one_third '><span class='hr-inner '><span class=\"hr-inner-style\"><\/span><\/span><\/div>\n\n<style type=\"text\/css\" data-created_by=\"avia_inline_auto\" id=\"style-css-av-mgjk-fd98a93877c94ebfb2132f2453079e53\">\n.flex_column.av-mgjk-fd98a93877c94ebfb2132f2453079e53{\n-webkit-border-radius:0px 0px 0px 0px;\n-moz-border-radius:0px 0px 0px 0px;\nborder-radius:0px 0px 0px 0px;\npadding:0px 0px 0px 0px;\n}\n<\/style>\n<div  class='flex_column av-mgjk-fd98a93877c94ebfb2132f2453079e53 av_one_third  avia-builder-el-12  el_after_av_hr  el_before_av_one_third  first flex_column_div av-zero-column-padding  '     ><article  class='iconbox iconbox_top av-kevemrqw-7528d8cb5fe77e866a9a423c2103869b  avia-builder-el-13  avia-builder-el-no-sibling  main_color'  itemscope=\"itemscope\" itemtype=\"https:\/\/schema.org\/CreativeWork\" ><div class=\"iconbox_content\"><header class=\"entry-content-header\"><div class=\"iconbox_icon heading-color\" aria-hidden='true' data-av_icon='\ue806' data-av_iconfont='entypo-fontello'><\/div><h3 class='iconbox_content_title '  itemprop=\"headline\" >Petit et calme<\/h3><\/header><div class='iconbox_content_container '  itemprop=\"text\" ><p>Las Palmeras est un petit\u00a0<strong>camping situ\u00e9 dans la Costa Brava<\/strong>, tr\u00e8s calme et confortable, o\u00f9 s\u00fbrement nos clients vont jouir d\u2019un s\u00e9jour inoubliable. Les installations ont \u00e9t\u00e9 con\u00e7ues pour un\u00a0<strong>camping familier<\/strong>\u00a0o\u00f9 vous disposerez de tous les services n\u00e9cessaires pour faire plus agr\u00e9able votre s\u00e9jour.<\/p>\n<\/div><\/div><footer class=\"entry-footer\"><\/footer><\/article><\/div>\n\n<style type=\"text\/css\" data-created_by=\"avia_inline_auto\" id=\"style-css-av-kb1k-367d35f45d15556a3a90a42dea43c348\">\n.flex_column.av-kb1k-367d35f45d15556a3a90a42dea43c348{\n-webkit-border-radius:0px 0px 0px 0px;\n-moz-border-radius:0px 0px 0px 0px;\nborder-radius:0px 0px 0px 0px;\npadding:0px 0px 0px 0px;\n}\n<\/style>\n<div  class='flex_column av-kb1k-367d35f45d15556a3a90a42dea43c348 av_one_third  avia-builder-el-14  el_after_av_one_third  el_before_av_one_third  flex_column_div av-zero-column-padding  '     ><article  class='iconbox iconbox_top av-kevemrqw-120228375bd9cb3c052c2a5885f06e6c  avia-builder-el-15  avia-builder-el-no-sibling  main_color'  itemscope=\"itemscope\" itemtype=\"https:\/\/schema.org\/CreativeWork\" ><div class=\"iconbox_content\"><header class=\"entry-content-header\"><div class=\"iconbox_icon heading-color\" aria-hidden='true' data-av_icon='\ue866' data-av_iconfont='entypo-fontello'><\/div><h3 class='iconbox_content_title '  itemprop=\"headline\" >Destination touristique<\/h3><\/header><div class='iconbox_content_container '  itemprop=\"text\" ><p>La prestigieuse revue<strong>\u00a0<a href=\"http:\/\/travel.nationalgeographic.com\/travel\/best-trips-2012\/costa-brava-spain-photos\/\" target=\"_blank\" rel=\"noopener noreferrer\">National Geographic Traveler<\/a>,\u00a0<\/strong>a publi\u00e9 en 2012 une liste des meilleures destinations touristiques du monde et parmi les vingt premi\u00e8res elle a situ\u00e9 la Costa Brava. L\u2019inclusion de cet espace est le r\u00e9sultat de l\u2019\u00e9valuation positive de l\u2019environnement qu\u2019en avait fait \u00e0 ce propos le comit\u00e9 \u00e9ditorial de\u00a0<em>National Geographic<\/em>.<\/p>\n<\/div><\/div><footer class=\"entry-footer\"><\/footer><\/article><\/div>\n\n<style type=\"text\/css\" data-created_by=\"avia_inline_auto\" id=\"style-css-av-ikqi-9954f312a1f924a47baf8e19e979d2c5\">\n.flex_column.av-ikqi-9954f312a1f924a47baf8e19e979d2c5{\n-webkit-border-radius:0px 0px 0px 0px;\n-moz-border-radius:0px 0px 0px 0px;\nborder-radius:0px 0px 0px 0px;\npadding:0px 0px 0px 0px;\n}\n<\/style>\n<div  class='flex_column av-ikqi-9954f312a1f924a47baf8e19e979d2c5 av_one_third  avia-builder-el-16  el_after_av_one_third  el_before_av_section  avia-builder-el-last  flex_column_div av-zero-column-padding  '     ><article  class='iconbox iconbox_top av-kevemrqw-d9860468f569081c44734147666de6b7  avia-builder-el-17  avia-builder-el-no-sibling  main_color'  itemscope=\"itemscope\" itemtype=\"https:\/\/schema.org\/CreativeWork\" ><div class=\"iconbox_content\"><header class=\"entry-content-header\"><div class=\"iconbox_icon heading-color\" aria-hidden='true' data-av_icon='\ue8b8' data-av_iconfont='entypo-fontello'><\/div><h3 class='iconbox_content_title '  itemprop=\"headline\" >Parc naturel<\/h3><\/header><div class='iconbox_content_container '  itemprop=\"text\" ><p>Un autre des atouts du camping est sa situation juste\u00a0<strong>\u00e0 c\u00f4t\u00e9 du Parc Naturel des \u00ab\u00a0Aiguamolls de l\u2019Empord\u00e0\u00a0\u00bb<\/strong>, un espace unique pour d\u00e9couvrir la faune et la nature de cette zone. Nous sommes \u00e0 seulement un kilom\u00e8tre du petit village de Sant Pere Pescador, traditionnellement agricole et \u00e9loign\u00e9 du tourisme de masse.<\/p>\n<\/div><\/div><footer class=\"entry-footer\"><\/footer><\/article><\/div>\n<\/div><\/div><\/div><!-- close content main div --><\/div><\/div>\n<style type=\"text\/css\" data-created_by=\"avia_inline_auto\" id=\"style-css-av-kevelwtp-0ae6afbd7a3f9071d098f98b54850a5b\">\n.avia-section.av-kevelwtp-0ae6afbd7a3f9071d098f98b54850a5b{\nbackground-color:#f7f7f7;\nbackground-image:unset;\n}\n<\/style>\n<div id='av_section_3'  class='avia-section av-kevelwtp-0ae6afbd7a3f9071d098f98b54850a5b main_color avia-section-default avia-no-border-styling  avia-builder-el-18  el_after_av_one_third  el_before_av_section  avia-bg-style-scroll container_wrap sidebar_right'  ><div class='container av-section-cont-open' ><div class='template-page content  av-content-small alpha units'><div class='post-entry post-entry-type-page post-entry-754'><div class='entry-content-wrapper clearfix'>\n\n<style type=\"text\/css\" data-created_by=\"avia_inline_auto\" id=\"style-css-av-ls58-098cbde8173ae6236d63edf7d6aaabf9\">\n.flex_column.av-ls58-098cbde8173ae6236d63edf7d6aaabf9{\n-webkit-border-radius:0px 0px 0px 0px;\n-moz-border-radius:0px 0px 0px 0px;\nborder-radius:0px 0px 0px 0px;\npadding:0px 0px 0px 0px;\n}\n<\/style>\n<div  class='flex_column av-ls58-098cbde8173ae6236d63edf7d6aaabf9 av_one_fifth  avia-builder-el-19  el_before_av_three_fifth  avia-builder-el-first  first flex_column_div av-zero-column-padding  '     ><\/div>\n<style type=\"text\/css\" data-created_by=\"avia_inline_auto\" id=\"style-css-av-kflg-a9bdeb4a90d22b3caac1ec79d19db57a\">\n.flex_column.av-kflg-a9bdeb4a90d22b3caac1ec79d19db57a{\n-webkit-border-radius:0px 0px 0px 0px;\n-moz-border-radius:0px 0px 0px 0px;\nborder-radius:0px 0px 0px 0px;\npadding:0px 0px 0px 0px;\n}\n<\/style>\n<div  class='flex_column av-kflg-a9bdeb4a90d22b3caac1ec79d19db57a av_three_fifth  avia-builder-el-20  el_after_av_one_fifth  el_before_av_slideshow  flex_column_div av-zero-column-padding  '     ><p>\n<style type=\"text\/css\" data-created_by=\"avia_inline_auto\" id=\"style-css-av-av_heading-0db40da5b5c23226be101482047b3e11\">\n#top .av-special-heading.av-av_heading-0db40da5b5c23226be101482047b3e11{\npadding-bottom:10px;\nfont-size:60px;\n}\nbody .av-special-heading.av-av_heading-0db40da5b5c23226be101482047b3e11 .av-special-heading-tag .heading-char{\nfont-size:25px;\n}\n#top #wrap_all .av-special-heading.av-av_heading-0db40da5b5c23226be101482047b3e11 .av-special-heading-tag{\nfont-size:60px;\n}\n.av-special-heading.av-av_heading-0db40da5b5c23226be101482047b3e11 .av-subheading{\nfont-size:15px;\n}\n\n@media only screen and (min-width: 480px) and (max-width: 767px){ \n#top #wrap_all .av-special-heading.av-av_heading-0db40da5b5c23226be101482047b3e11 .av-special-heading-tag{\nfont-size:0.8em;\n}\n}\n\n@media only screen and (max-width: 479px){ \n#top #wrap_all .av-special-heading.av-av_heading-0db40da5b5c23226be101482047b3e11 .av-special-heading-tag{\nfont-size:0.8em;\n}\n}\n<\/style>\n<div  class='av-special-heading av-av_heading-0db40da5b5c23226be101482047b3e11 av-special-heading-h2 blockquote modern-quote modern-centered  avia-builder-el-21  el_before_av_textblock  avia-builder-el-first  av-inherit-size'><h2 class='av-special-heading-tag'  itemprop=\"headline\"  >Plage<\/h2><div class=\"special-heading-border\"><div class=\"special-heading-inner-border\"><\/div><\/div><\/div><br \/>\n\n<style type=\"text\/css\" data-created_by=\"avia_inline_auto\" id=\"style-css-av-k88vjf4d-bdcb221b2018ffc3e9b3c3cf8f1ac88f\">\n#top .av_textblock_section.av-k88vjf4d-bdcb221b2018ffc3e9b3c3cf8f1ac88f .avia_textblock{\nfont-size:20px;\n}\n<\/style>\n<section  class='av_textblock_section av-k88vjf4d-bdcb221b2018ffc3e9b3c3cf8f1ac88f '   itemscope=\"itemscope\" itemtype=\"https:\/\/schema.org\/CreativeWork\" ><div class='avia_textblock'  itemprop=\"text\" ><p style=\"text-align: center;\">\u00c0 100 m se trouve une longue plage de sable fin avec des eaux peu profondes et surveill\u00e9e par des secouristes pendant les mois d\u2019\u00e9t\u00e9, ce qui fait qu\u2019elle soit tr\u00e8s s\u00fbre pour les plus petits. Vous y trouverez des buvettes pour manger ou prendre un pot pendant la journ\u00e9e ou bien jouir de l\u2019ambiance nocturne. En plus, c\u2019est un endroit privil\u00e9gi\u00e9 pour la pratique du Kitesurf et du windsurf, avec des \u00e9coles pour ceux qui veulent s\u2019initier.<\/p>\n<\/div><\/section><br \/>\n\n<style type=\"text\/css\" data-created_by=\"avia_inline_auto\" id=\"style-css-av-i202-49867aa770271328f6fead0ad771a9c2\">\n#top .hr.hr-invisible.av-i202-49867aa770271328f6fead0ad771a9c2{\nheight:30px;\n}\n<\/style>\n<div  class='hr av-i202-49867aa770271328f6fead0ad771a9c2 hr-invisible  avia-builder-el-23  el_after_av_textblock  avia-builder-el-last '><span class='hr-inner '><span class=\"hr-inner-style\"><\/span><\/span><\/div><\/p><\/div><div  class='avia-slideshow av-kevex5ov-0a16443fc7a8b5ed270619c98568baca avia-slideshow-featured av_slideshow avia-fade-slider  avia-builder-el-24  el_after_av_three_fifth  avia-builder-el-last  av-slideshow-ui av-control-default av-slideshow-autoplay av-loop-endless av-loop-manual-endless av-default-height-applied avia-slideshow-2' data-slideshow-options=\"{&quot;animation&quot;:&quot;fade&quot;,&quot;autoplay&quot;:true,&quot;loop_autoplay&quot;:&quot;endless&quot;,&quot;interval&quot;:5,&quot;loop_manual&quot;:&quot;manual-endless&quot;,&quot;autoplay_stopper&quot;:false,&quot;noNavigation&quot;:false,&quot;bg_slider&quot;:false,&quot;keep_padding&quot;:false,&quot;hoverpause&quot;:false,&quot;show_slide_delay&quot;:0}\"  itemprop=\"image\" itemscope=\"itemscope\" itemtype=\"https:\/\/schema.org\/ImageObject\" ><ul class='avia-slideshow-inner ' style='padding-bottom: 35.130718954248%;'><li  class='avia-slideshow-slide av-kevex5ov-0a16443fc7a8b5ed270619c98568baca__0  slide-1 slide-odd'><div data-rel='slideshow-2' class='avia-slide-wrap '   ><img decoding=\"async\" class=\"wp-image-5396 avia-img-lazy-loading-not-5396\"  src=\"https:\/\/campinglaspalmeras.com\/wp-content\/uploads\/2021\/06\/Platja-10-1224x430.jpg\" width=\"1224\" height=\"430\" title='Platja 10' alt=''  itemprop=\"thumbnailUrl\"   \/><\/div><\/li><li  class='avia-slideshow-slide av-kevex5ov-0a16443fc7a8b5ed270619c98568baca__1  slide-2 slide-even'><div data-rel='slideshow-2' class='avia-slide-wrap '   ><img decoding=\"async\" class=\"wp-image-5388 avia-img-lazy-loading-not-5388\"  src=\"https:\/\/campinglaspalmeras.com\/wp-content\/uploads\/2021\/06\/Platja-09-1224x430.jpg\" width=\"1224\" height=\"430\" title='Platja 09' alt=''  itemprop=\"thumbnailUrl\"   \/><\/div><\/li><li  class='avia-slideshow-slide av-kevex5ov-0a16443fc7a8b5ed270619c98568baca__2  slide-3 slide-odd'><div data-rel='slideshow-2' class='avia-slide-wrap '   ><img decoding=\"async\" class=\"wp-image-5380 avia-img-lazy-loading-not-5380\"  src=\"https:\/\/campinglaspalmeras.com\/wp-content\/uploads\/2021\/06\/Platja-07-1224x430.jpg\" width=\"1224\" height=\"430\" title='Platja 07' alt=''  itemprop=\"thumbnailUrl\"   \/><\/div><\/li><li  class='avia-slideshow-slide av-kevex5ov-0a16443fc7a8b5ed270619c98568baca__3  slide-4 slide-even'><div data-rel='slideshow-2' class='avia-slide-wrap '   ><img decoding=\"async\" class=\"wp-image-5372 avia-img-lazy-loading-not-5372\"  src=\"https:\/\/campinglaspalmeras.com\/wp-content\/uploads\/2021\/06\/Platja-06-1224x430.jpg\" width=\"1224\" height=\"430\" title='Platja 06' alt=''  itemprop=\"thumbnailUrl\"   \/><\/div><\/li><li  class='avia-slideshow-slide av-kevex5ov-0a16443fc7a8b5ed270619c98568baca__4  slide-5 slide-odd'><div data-rel='slideshow-2' class='avia-slide-wrap '   ><img decoding=\"async\" class=\"wp-image-5364 avia-img-lazy-loading-not-5364\"  src=\"https:\/\/campinglaspalmeras.com\/wp-content\/uploads\/2021\/06\/Platja-03-1224x430.jpg\" width=\"1224\" height=\"430\" title='Platja 03' alt=''  itemprop=\"thumbnailUrl\"   \/><\/div><\/li><li  class='avia-slideshow-slide av-kevex5ov-0a16443fc7a8b5ed270619c98568baca__5  slide-6 slide-even'><div data-rel='slideshow-2' class='avia-slide-wrap '   ><img decoding=\"async\" class=\"wp-image-5356 avia-img-lazy-loading-not-5356\"  src=\"https:\/\/campinglaspalmeras.com\/wp-content\/uploads\/2021\/06\/Platja-02-1224x430.jpg\" width=\"1224\" height=\"430\" title='Platja 02' alt=''  itemprop=\"thumbnailUrl\"   \/><\/div><\/li><li  class='avia-slideshow-slide av-kevex5ov-0a16443fc7a8b5ed270619c98568baca__6  slide-7 slide-odd'><div data-rel='slideshow-2' class='avia-slide-wrap '   ><img decoding=\"async\" class=\"wp-image-5348 avia-img-lazy-loading-not-5348\"  src=\"https:\/\/campinglaspalmeras.com\/wp-content\/uploads\/2021\/06\/Platja-01-1224x430.jpg\" width=\"1224\" height=\"430\" title='Platja 01' alt=''  itemprop=\"thumbnailUrl\"   \/><\/div><\/li><\/ul><div class='avia-slideshow-arrows avia-slideshow-controls' ><a href='#prev' class='prev-slide ' aria-hidden='true' data-av_icon='\ue87c' data-av_iconfont='entypo-fontello'  tabindex='-1'>Pr\u00e9c\u00e9dent<\/a><a href='#next' class='next-slide ' aria-hidden='true' data-av_icon='\ue87d' data-av_iconfont='entypo-fontello'  tabindex='-1'>Suivant<\/a><\/div><div class='avia-slideshow-dots avia-slideshow-controls'><a href='#1' class='goto-slide active' >1<\/a><a href='#2' class='goto-slide ' >2<\/a><a href='#3' class='goto-slide ' >3<\/a><a href='#4' class='goto-slide ' >4<\/a><a href='#5' class='goto-slide ' >5<\/a><a href='#6' class='goto-slide ' >6<\/a><a href='#7' class='goto-slide ' >7<\/a><\/div><\/div>\n\n<\/div><\/div><\/div><!-- close content main div --><\/div><\/div>\n<style type=\"text\/css\" data-created_by=\"avia_inline_auto\" id=\"style-css-av-kevelwtp-649eab4fe9c6a927aa5bad7661249774\">\n.avia-section.av-kevelwtp-649eab4fe9c6a927aa5bad7661249774{\nbackground-color:#ffffff;\nbackground-image:unset;\n}\n<\/style>\n<div id='av_section_4'  class='avia-section av-kevelwtp-649eab4fe9c6a927aa5bad7661249774 main_color avia-section-default avia-no-border-styling  avia-builder-el-25  el_after_av_section  el_before_av_section  avia-bg-style-scroll container_wrap sidebar_right'  ><div class='container av-section-cont-open' ><div class='template-page content  av-content-small alpha units'><div class='post-entry post-entry-type-page post-entry-754'><div class='entry-content-wrapper clearfix'>\n\n<style type=\"text\/css\" data-created_by=\"avia_inline_auto\" id=\"style-css-av-kflg-f2a73648b10f362a1ea971b906aeb083\">\n.flex_column.av-kflg-f2a73648b10f362a1ea971b906aeb083{\n-webkit-border-radius:0px 0px 0px 0px;\n-moz-border-radius:0px 0px 0px 0px;\nborder-radius:0px 0px 0px 0px;\npadding:0px 0px 0px 0px;\n}\n<\/style>\n<div  class='flex_column av-kflg-f2a73648b10f362a1ea971b906aeb083 av_one_third  avia-builder-el-26  el_before_av_one_third  avia-builder-el-first  first flex_column_div av-zero-column-padding  '     ><p>\n<style type=\"text\/css\" data-created_by=\"avia_inline_auto\" id=\"style-css-av-av_heading-42502ab463b489c3b4e81660de5ec9d1\">\n#top .av-special-heading.av-av_heading-42502ab463b489c3b4e81660de5ec9d1{\npadding-bottom:10px;\n}\nbody .av-special-heading.av-av_heading-42502ab463b489c3b4e81660de5ec9d1 .av-special-heading-tag .heading-char{\nfont-size:25px;\n}\n.av-special-heading.av-av_heading-42502ab463b489c3b4e81660de5ec9d1 .av-subheading{\nfont-size:15px;\n}\n<\/style>\n<div  class='av-special-heading av-av_heading-42502ab463b489c3b4e81660de5ec9d1 av-special-heading-h2 blockquote modern-quote modern-centered  avia-builder-el-27  el_before_av_textblock  avia-builder-el-first '><h2 class='av-special-heading-tag'  itemprop=\"headline\"  >Qualit\u00e9 environnementale<\/h2><div class=\"special-heading-border\"><div class=\"special-heading-inner-border\"><\/div><\/div><\/div><br \/>\n\n<style type=\"text\/css\" data-created_by=\"avia_inline_auto\" id=\"style-css-av-k88vjf4d-e168113cbff016cfea429da351def1c9\">\n#top .av_textblock_section.av-k88vjf4d-e168113cbff016cfea429da351def1c9 .avia_textblock{\nfont-size:20px;\n}\n<\/style>\n<section  class='av_textblock_section av-k88vjf4d-e168113cbff016cfea429da351def1c9 '   itemscope=\"itemscope\" itemtype=\"https:\/\/schema.org\/CreativeWork\" ><div class='avia_textblock'  itemprop=\"text\" ><p style=\"text-align: left;\"><a href=\"https:\/\/campinglaspalmeras.com\/wp-content\/uploads\/2020\/09\/garantia-qualitat-ambiental-150x150-1.jpg\"><img decoding=\"async\" loading=\"lazy\" class=\" wp-image-843 alignleft\" src=\"https:\/\/campinglaspalmeras.com\/wp-content\/uploads\/2020\/09\/garantia-qualitat-ambiental-150x150-1.jpg\" alt=\"\" width=\"87\" height=\"87\" srcset=\"https:\/\/campinglaspalmeras.com\/wp-content\/uploads\/2020\/09\/garantia-qualitat-ambiental-150x150-1.jpg 150w, https:\/\/campinglaspalmeras.com\/wp-content\/uploads\/2020\/09\/garantia-qualitat-ambiental-150x150-1-80x80.jpg 80w, https:\/\/campinglaspalmeras.com\/wp-content\/uploads\/2020\/09\/garantia-qualitat-ambiental-150x150-1-36x36.jpg 36w\" sizes=\"(max-width: 87px) 100vw, 87px\" \/><\/a>Le Camping Las Palmeras applique une politique de\u00a0<b>respect de l\u2019environnement<\/b>\u00a0c\u2019est pourquoi nous incitons nos clients \u00e0 prendre et \u00e0 d\u00e9velopper de bonnes habitudes et \u00e0 contribuer avec nous \u00e0 la r\u00e9duction de l\u2019impact des actions quotidiennes sur l\u2019environnement.<\/p>\n<\/div><\/section><br \/>\n\n<style type=\"text\/css\" data-created_by=\"avia_inline_auto\" id=\"style-css-av-i202-49867aa770271328f6fead0ad771a9c2\">\n#top .hr.hr-invisible.av-i202-49867aa770271328f6fead0ad771a9c2{\nheight:30px;\n}\n<\/style>\n<div  class='hr av-i202-49867aa770271328f6fead0ad771a9c2 hr-invisible  avia-builder-el-29  el_after_av_textblock  el_before_av_button '><span class='hr-inner '><span class=\"hr-inner-style\"><\/span><\/span><\/div><br \/>\n<div  class='avia-button-wrap av-k88vn1jp-fef9096df62389543d884ce81c5d4627-wrap avia-button-center  avia-builder-el-30  el_after_av_hr  avia-builder-el-last '><a href='https:\/\/campinglaspalmeras.com\/fr\/politique-environnementale\/'  class='avia-button av-k88vn1jp-fef9096df62389543d884ce81c5d4627 avia-icon_select-no avia-size-large avia-position-center avia-color-dark'  ><span class='avia_iconbox_title' >Plus d\u2019information<\/span><\/a><\/div><\/p><\/div>\n<style type=\"text\/css\" data-created_by=\"avia_inline_auto\" id=\"style-css-av-kflg-a9bdeb4a90d22b3caac1ec79d19db57a\">\n.flex_column.av-kflg-a9bdeb4a90d22b3caac1ec79d19db57a{\n-webkit-border-radius:0px 0px 0px 0px;\n-moz-border-radius:0px 0px 0px 0px;\nborder-radius:0px 0px 0px 0px;\npadding:0px 0px 0px 0px;\n}\n<\/style>\n<div  class='flex_column av-kflg-a9bdeb4a90d22b3caac1ec79d19db57a av_one_third  avia-builder-el-31  el_after_av_one_third  el_before_av_one_third  flex_column_div av-zero-column-padding  '     ><p>\n<style type=\"text\/css\" data-created_by=\"avia_inline_auto\" id=\"style-css-av-av_heading-c53672589f625caa5bf8204d38edad85\">\n#top .av-special-heading.av-av_heading-c53672589f625caa5bf8204d38edad85{\npadding-bottom:10px;\n}\nbody .av-special-heading.av-av_heading-c53672589f625caa5bf8204d38edad85 .av-special-heading-tag .heading-char{\nfont-size:25px;\n}\n.av-special-heading.av-av_heading-c53672589f625caa5bf8204d38edad85 .av-subheading{\nfont-size:15px;\n}\n<\/style>\n<div  class='av-special-heading av-av_heading-c53672589f625caa5bf8204d38edad85 av-special-heading-h2 blockquote modern-quote modern-centered  avia-builder-el-32  el_before_av_textblock  avia-builder-el-first '><h2 class='av-special-heading-tag'  itemprop=\"headline\"  >Quelques donn\u00e9es<\/h2><div class=\"special-heading-border\"><div class=\"special-heading-inner-border\"><\/div><\/div><\/div><br \/>\n\n<style type=\"text\/css\" data-created_by=\"avia_inline_auto\" id=\"style-css-av-k88vjf4d-bdcb221b2018ffc3e9b3c3cf8f1ac88f\">\n#top .av_textblock_section.av-k88vjf4d-bdcb221b2018ffc3e9b3c3cf8f1ac88f .avia_textblock{\nfont-size:20px;\n}\n<\/style>\n<section  class='av_textblock_section av-k88vjf4d-bdcb221b2018ffc3e9b3c3cf8f1ac88f '   itemscope=\"itemscope\" itemtype=\"https:\/\/schema.org\/CreativeWork\" ><div class='avia_textblock'  itemprop=\"text\" ><ul id=\"g1-list-1\" class=\"g1-list--icon g1-list--simple \">\n<li>Recommand\u00e9 par <a href=\"http:\/\/www.zoover.co.uk\/spain\/catalonia-costa-brava-and-costa-dorado\/sant-pere-pescador\/las-palmeras\/camping\">Zoover<\/a><\/li>\n<li><strong>Ouvert du 28\/03 au 31\/10<br \/>\n<\/strong><\/li>\n<li>Toutes les installations et la plupart des services sont ouverts et en plein fonctionnement, ainsi que la piscine climatis\u00e9e, du jour d\u2019ouverture au jour de fermeture.<\/li>\n<\/ul>\n<\/div><\/section><br \/>\n\n<style type=\"text\/css\" data-created_by=\"avia_inline_auto\" id=\"style-css-av-i202-49867aa770271328f6fead0ad771a9c2\">\n#top .hr.hr-invisible.av-i202-49867aa770271328f6fead0ad771a9c2{\nheight:30px;\n}\n<\/style>\n<div  class='hr av-i202-49867aa770271328f6fead0ad771a9c2 hr-invisible  avia-builder-el-34  el_after_av_textblock  el_before_av_button '><span class='hr-inner '><span class=\"hr-inner-style\"><\/span><\/span><\/div><br \/>\n<div  class='avia-button-wrap av-k88vn1jp-be7c2eb8ffeba30891eabcd01d3b873a-wrap avia-button-center  avia-builder-el-35  el_after_av_hr  avia-builder-el-last '><a href='https:\/\/campinglaspalmeras.com\/contact-us\/'  class='avia-button av-k88vn1jp-be7c2eb8ffeba30891eabcd01d3b873a avia-icon_select-no avia-size-large avia-position-center avia-color-dark'  ><span class='avia_iconbox_title' >Contact<\/span><\/a><\/div><\/p><\/div>\n<style type=\"text\/css\" data-created_by=\"avia_inline_auto\" id=\"style-css-av-kflg-a9bdeb4a90d22b3caac1ec79d19db57a\">\n.flex_column.av-kflg-a9bdeb4a90d22b3caac1ec79d19db57a{\n-webkit-border-radius:0px 0px 0px 0px;\n-moz-border-radius:0px 0px 0px 0px;\nborder-radius:0px 0px 0px 0px;\npadding:0px 0px 0px 0px;\n}\n<\/style>\n<div  class='flex_column av-kflg-a9bdeb4a90d22b3caac1ec79d19db57a av_one_third  avia-builder-el-36  el_after_av_one_third  avia-builder-el-last  flex_column_div av-zero-column-padding  '     ><p>\n<style type=\"text\/css\" data-created_by=\"avia_inline_auto\" id=\"style-css-av-av_heading-18aae2bae74f791ed20f7cfe46eea734\">\n#top .av-special-heading.av-av_heading-18aae2bae74f791ed20f7cfe46eea734{\npadding-bottom:10px;\n}\nbody .av-special-heading.av-av_heading-18aae2bae74f791ed20f7cfe46eea734 .av-special-heading-tag .heading-char{\nfont-size:25px;\n}\n.av-special-heading.av-av_heading-18aae2bae74f791ed20f7cfe46eea734 .av-subheading{\nfont-size:15px;\n}\n<\/style>\n<div  class='av-special-heading av-av_heading-18aae2bae74f791ed20f7cfe46eea734 av-special-heading-h2 blockquote modern-quote modern-centered  avia-builder-el-37  el_before_av_testimonials  avia-builder-el-first '><h2 class='av-special-heading-tag'  itemprop=\"headline\"  >Ce qu\u2019en disent les clients<\/h2><div class=\"special-heading-border\"><div class=\"special-heading-inner-border\"><\/div><\/div><\/div><br \/>\n<div  class='avia-testimonial-wrapper av-kevgzj5e-be26de35d1f937804b21ed43e2312a9d avia-slider-testimonials avia-slider-2-testimonials avia_animate_when_almost_visible av-slideshow-ui av-control-default av-slider-hover-pause av-slideshow-autoplay av-loop-endless av-loop-manual-endless' data-slideshow-options=\"{&quot;animation&quot;:&quot;fade&quot;,&quot;autoplay&quot;:true,&quot;loop_autoplay&quot;:&quot;endless&quot;,&quot;interval&quot;:5,&quot;loop_manual&quot;:&quot;manual-endless&quot;,&quot;autoplay_stopper&quot;:false,&quot;noNavigation&quot;:false,&quot;bg_slider&quot;:false,&quot;keep_padding&quot;:&quot;&quot;,&quot;hoverpause&quot;:true,&quot;show_slide_delay&quot;:0}\">\n<section class=\"avia-testimonial-row\"><div class='avia-testimonial av-4rfq-809b32b8dfbf9fe45f1aa89be197bbee avia-testimonial-row-1 avia-first-testimonial flex_column no_margin av_one_half'><div class='avia-testimonial_inner'  itemscope=\"itemscope\" itemtype=\"https:\/\/schema.org\/CreativeWork\" ><div class='avia-testimonial-content '><div class='avia-testimonial-markup-entry-content'  itemprop=\"text\" ><p>We have been there every summer in 10 years. it is a great place, allways clean. Very help full staff every time. Short way to the beach. We are looking forward to visit again this summer!!!<\/p>\n<\/div><\/div><div class=\"avia-testimonial-meta\"><div class=\"avia-testimonial-arrow-wrap\"><div class=\"avia-arrow\"><\/div><\/div><div class='avia-testimonial-meta-mini'  itemprop=\"author\" itemscope=\"itemscope\" itemtype=\"https:\/\/schema.org\/Person\" ><strong  class='avia-testimonial-name'  itemprop=\"name\" >Annette<\/strong><span  class='avia-testimonial-subtitle '  itemprop=\"jobTitle\" >Comment from Zoover<\/span><\/div><\/div><\/div><\/div>\n<div class='avia-testimonial av-3it2-40c97024767f9f0d6f89441dd9707178 avia-testimonial-row-1 flex_column no_margin av_one_half'><div class='avia-testimonial_inner'  itemscope=\"itemscope\" itemtype=\"https:\/\/schema.org\/CreativeWork\" ><div class='avia-testimonial-content '><div class='avia-testimonial-markup-entry-content'  itemprop=\"text\" ><p>The very best. A very friendly and well run site We have not missed in 6 years<\/p>\n<\/div><\/div><div class=\"avia-testimonial-meta\"><div class=\"avia-testimonial-arrow-wrap\"><div class=\"avia-arrow\"><\/div><\/div><div class='avia-testimonial-meta-mini'  itemprop=\"author\" itemscope=\"itemscope\" itemtype=\"https:\/\/schema.org\/Person\" ><strong  class='avia-testimonial-name'  itemprop=\"name\" >John D Webb<\/strong><span  class='avia-testimonial-subtitle '  itemprop=\"jobTitle\" >Comment from Zoover<\/span><\/div><\/div><\/div><\/div>\n<\/section><div class='avia-slideshow-arrows avia-slideshow-controls' ><a href='#prev' class='prev-slide ' aria-hidden='true' data-av_icon='\ue87c' data-av_iconfont='entypo-fontello'  tabindex='-1'>Pr\u00e9c\u00e9dent<\/a><a href='#next' class='next-slide ' aria-hidden='true' data-av_icon='\ue87d' data-av_iconfont='entypo-fontello'  tabindex='-1'>Suivant<\/a><\/div><\/div><\/p><\/div>\n\n<\/div><\/div><\/div><!-- close content main div --><\/div><\/div>\n<style type=\"text\/css\" data-created_by=\"avia_inline_auto\" id=\"style-css-av-kevelwtp-0ae6afbd7a3f9071d098f98b54850a5b\">\n.avia-section.av-kevelwtp-0ae6afbd7a3f9071d098f98b54850a5b{\nbackground-color:#f7f7f7;\nbackground-image:unset;\n}\n<\/style>\n<div id='av_section_5'  class='avia-section av-kevelwtp-0ae6afbd7a3f9071d098f98b54850a5b main_color avia-section-default avia-no-border-styling  avia-builder-el-39  el_after_av_section  el_before_av_section  avia-bg-style-scroll container_wrap sidebar_right'  ><div class='container av-section-cont-open' ><div class='template-page content  av-content-small alpha units'><div class='post-entry post-entry-type-page post-entry-754'><div class='entry-content-wrapper clearfix'>\n\n<style type=\"text\/css\" data-created_by=\"avia_inline_auto\" id=\"style-css-av-av_heading-4f8a620647010e866cbc30a2bd48d60a\">\n#top .av-special-heading.av-av_heading-4f8a620647010e866cbc30a2bd48d60a{\npadding-bottom:10px;\n}\nbody .av-special-heading.av-av_heading-4f8a620647010e866cbc30a2bd48d60a .av-special-heading-tag .heading-char{\nfont-size:25px;\n}\n.av-special-heading.av-av_heading-4f8a620647010e866cbc30a2bd48d60a .av-subheading{\nfont-size:15px;\n}\n<\/style>\n<div  class='av-special-heading av-av_heading-4f8a620647010e866cbc30a2bd48d60a av-special-heading-h2 blockquote modern-quote modern-centered  avia-builder-el-40  el_before_av_hr  avia-builder-el-first '><h2 class='av-special-heading-tag'  itemprop=\"headline\"  >Vacances en plein air dans le logement de votre choix<\/h2><div class=\"special-heading-border\"><div class=\"special-heading-inner-border\"><\/div><\/div><\/div>\n\n<style type=\"text\/css\" data-created_by=\"avia_inline_auto\" id=\"style-css-av-i202-49867aa770271328f6fead0ad771a9c2\">\n#top .hr.hr-invisible.av-i202-49867aa770271328f6fead0ad771a9c2{\nheight:30px;\n}\n<\/style>\n<div  class='hr av-i202-49867aa770271328f6fead0ad771a9c2 hr-invisible  avia-builder-el-41  el_after_av_heading  el_before_av_one_third '><span class='hr-inner '><span class=\"hr-inner-style\"><\/span><\/span><\/div>\n\n<style type=\"text\/css\" data-created_by=\"avia_inline_auto\" id=\"style-css-av-14y9g4-ab74381fe67a08838c5e60df95282ba7\">\n.flex_column.av-14y9g4-ab74381fe67a08838c5e60df95282ba7{\n-webkit-border-radius:0px 0px 0px 0px;\n-moz-border-radius:0px 0px 0px 0px;\nborder-radius:0px 0px 0px 0px;\npadding:0px 0px 0px 0px;\n}\n<\/style>\n<div  class='flex_column av-14y9g4-ab74381fe67a08838c5e60df95282ba7 av_one_third  avia-builder-el-42  el_after_av_hr  el_before_av_one_third  first flex_column_div av-zero-column-padding  '     ><style type=\"text\/css\" data-created_by=\"avia_inline_auto\" id=\"style-css-av-ketrqqw3-a5f05c746225a960e7fd4701a5450427\">\n.avia-image-container.av-ketrqqw3-a5f05c746225a960e7fd4701a5450427 img.avia_image{\nbox-shadow:none;\n}\n.avia-image-container.av-ketrqqw3-a5f05c746225a960e7fd4701a5450427 .av-caption-image-overlay-bg{\nopacity:0.4;\nbackground-color:#000000;\n}\n.avia-image-container.av-ketrqqw3-a5f05c746225a960e7fd4701a5450427 .av-image-caption-overlay-center{\ncolor:#ffffff;\n}\n<\/style>\n<div  class='avia-image-container av-ketrqqw3-a5f05c746225a960e7fd4701a5450427 av-styling- avia-align-center  avia-builder-el-43  avia-builder-el-no-sibling  noHover av-overlay-hover-deactivate'   itemprop=\"image\" itemscope=\"itemscope\" itemtype=\"https:\/\/schema.org\/ImageObject\" ><div class=\"avia-image-container-inner\"><div class=\"avia-image-overlay-wrap\"><a href=\"https:\/\/campinglaspalmeras.com\/ca\/allotjament\/parcela\/\" class='avia_image' ><div class=\"av-image-caption-overlay\"><div class=\"av-caption-image-overlay-bg\"><\/div><div class=\"av-image-caption-overlay-position\"><div class=\"av-image-caption-overlay-center\"><h2 style=\"color: #ffffff;\">Parcelle<\/h2>\n<\/div><\/div><\/div><img decoding=\"async\" class='wp-image-6087 avia-img-lazy-loading-not-6087 avia_image ' src=\"https:\/\/campinglaspalmeras.com\/wp-content\/uploads\/2021\/07\/Parcela-01-1-495x400.jpg\" alt='Parcela 01' title='Parcela 01'  height=\"400\" width=\"495\"  itemprop=\"thumbnailUrl\" srcset=\"https:\/\/campinglaspalmeras.com\/wp-content\/uploads\/2021\/07\/Parcela-01-1-495x400.jpg 495w, https:\/\/campinglaspalmeras.com\/wp-content\/uploads\/2021\/07\/Parcela-01-1-845x684.jpg 845w\" sizes=\"(max-width: 495px) 100vw, 495px\" \/><\/a><\/div><\/div><\/div><\/div>\n<style type=\"text\/css\" data-created_by=\"avia_inline_auto\" id=\"style-css-av-3ink4-5eb55e47e146ec2e7f5dc83f95ef41a8\">\n.flex_column.av-3ink4-5eb55e47e146ec2e7f5dc83f95ef41a8{\n-webkit-border-radius:0px 0px 0px 0px;\n-moz-border-radius:0px 0px 0px 0px;\nborder-radius:0px 0px 0px 0px;\npadding:0px 0px 0px 0px;\n}\n<\/style>\n<div  class='flex_column av-3ink4-5eb55e47e146ec2e7f5dc83f95ef41a8 av_one_third  avia-builder-el-44  el_after_av_one_third  el_before_av_one_third  flex_column_div av-zero-column-padding  '     ><style type=\"text\/css\" data-created_by=\"avia_inline_auto\" id=\"style-css-av-ketrqqw3-b8695250ce67eb8accf745606bcbb3bf\">\n.avia-image-container.av-ketrqqw3-b8695250ce67eb8accf745606bcbb3bf img.avia_image{\nbox-shadow:none;\n}\n.avia-image-container.av-ketrqqw3-b8695250ce67eb8accf745606bcbb3bf .av-caption-image-overlay-bg{\nopacity:0.4;\nbackground-color:#000000;\n}\n.avia-image-container.av-ketrqqw3-b8695250ce67eb8accf745606bcbb3bf .av-image-caption-overlay-center{\ncolor:#ffffff;\n}\n<\/style>\n<div  class='avia-image-container av-ketrqqw3-b8695250ce67eb8accf745606bcbb3bf av-styling- avia-align-center  avia-builder-el-45  avia-builder-el-no-sibling  noHover av-overlay-hover-deactivate'   itemprop=\"image\" itemscope=\"itemscope\" itemtype=\"https:\/\/schema.org\/ImageObject\" ><div class=\"avia-image-container-inner\"><div class=\"avia-image-overlay-wrap\"><a href=\"https:\/\/campinglaspalmeras.com\/nl\/accommodation\/studio-22\/\" class='avia_image' ><div class=\"av-image-caption-overlay\"><div class=\"av-caption-image-overlay-bg\"><\/div><div class=\"av-image-caption-overlay-position\"><div class=\"av-image-caption-overlay-center\"><h2 style=\"color: #ffffff;\">Studio 2+2<\/h2>\n<\/div><\/div><\/div><img decoding=\"async\" class='wp-image-6096 avia-img-lazy-loading-not-6096 avia_image ' src=\"https:\/\/campinglaspalmeras.com\/wp-content\/uploads\/2021\/07\/Estudi-22-01-1-495x400.jpg\" alt='Estudi 2+2 01' title='Estudi 2+2 01'  height=\"400\" width=\"495\"  itemprop=\"thumbnailUrl\" srcset=\"https:\/\/campinglaspalmeras.com\/wp-content\/uploads\/2021\/07\/Estudi-22-01-1-495x400.jpg 495w, https:\/\/campinglaspalmeras.com\/wp-content\/uploads\/2021\/07\/Estudi-22-01-1-845x684.jpg 845w\" sizes=\"(max-width: 495px) 100vw, 495px\" \/><\/a><\/div><\/div><\/div><\/div>\n<style type=\"text\/css\" data-created_by=\"avia_inline_auto\" id=\"style-css-av-t4j24-a5de7610365c9093aab305a461f74f4e\">\n.flex_column.av-t4j24-a5de7610365c9093aab305a461f74f4e{\n-webkit-border-radius:0px 0px 0px 0px;\n-moz-border-radius:0px 0px 0px 0px;\nborder-radius:0px 0px 0px 0px;\npadding:0px 0px 0px 0px;\n}\n<\/style>\n<div  class='flex_column av-t4j24-a5de7610365c9093aab305a461f74f4e av_one_third  avia-builder-el-46  el_after_av_one_third  el_before_av_one_third  flex_column_div av-zero-column-padding  '     ><style type=\"text\/css\" data-created_by=\"avia_inline_auto\" id=\"style-css-av-ketrqqw3-543971a4336a2ccbd60cd04acf909aa8\">\n.avia-image-container.av-ketrqqw3-543971a4336a2ccbd60cd04acf909aa8 img.avia_image{\nbox-shadow:none;\n}\n.avia-image-container.av-ketrqqw3-543971a4336a2ccbd60cd04acf909aa8 .av-caption-image-overlay-bg{\nopacity:0.4;\nbackground-color:#000000;\n}\n.avia-image-container.av-ketrqqw3-543971a4336a2ccbd60cd04acf909aa8 .av-image-caption-overlay-center{\ncolor:#ffffff;\n}\n<\/style>\n<div  class='avia-image-container av-ketrqqw3-543971a4336a2ccbd60cd04acf909aa8 av-styling- avia-align-center  avia-builder-el-47  avia-builder-el-no-sibling  noHover av-overlay-hover-deactivate'   itemprop=\"image\" itemscope=\"itemscope\" itemtype=\"https:\/\/schema.org\/ImageObject\" ><div class=\"avia-image-container-inner\"><div class=\"avia-image-overlay-wrap\"><a href=\"https:\/\/campinglaspalmeras.com\/nl\/accommodation\/cabana\/\" class='avia_image' ><div class=\"av-image-caption-overlay\"><div class=\"av-caption-image-overlay-bg\"><\/div><div class=\"av-image-caption-overlay-position\"><div class=\"av-image-caption-overlay-center\"><h2 style=\"color: #ffffff;\">Cabana 4<\/h2>\n<\/div><\/div><\/div><img decoding=\"async\" class='wp-image-6104 avia-img-lazy-loading-not-6104 avia_image ' src=\"https:\/\/campinglaspalmeras.com\/wp-content\/uploads\/2021\/07\/Cabana-01-1-495x400.jpg\" alt='Cabana 01' title='Cabana 01'  height=\"400\" width=\"495\"  itemprop=\"thumbnailUrl\" srcset=\"https:\/\/campinglaspalmeras.com\/wp-content\/uploads\/2021\/07\/Cabana-01-1-495x400.jpg 495w, https:\/\/campinglaspalmeras.com\/wp-content\/uploads\/2021\/07\/Cabana-01-1-845x684.jpg 845w\" sizes=\"(max-width: 495px) 100vw, 495px\" \/><\/a><\/div><\/div><\/div><\/div>\n<style type=\"text\/css\" data-created_by=\"avia_inline_auto\" id=\"style-css-av-n8hkk-8164c6ae86c17ee906b6608b8e8a00cf\">\n.flex_column.av-n8hkk-8164c6ae86c17ee906b6608b8e8a00cf{\n-webkit-border-radius:0px 0px 0px 0px;\n-moz-border-radius:0px 0px 0px 0px;\nborder-radius:0px 0px 0px 0px;\npadding:0px 0px 0px 0px;\n}\n<\/style>\n<div  class='flex_column av-n8hkk-8164c6ae86c17ee906b6608b8e8a00cf av_one_third  avia-builder-el-48  el_after_av_one_third  el_before_av_one_third  first flex_column_div av-zero-column-padding  column-top-margin'     ><style type=\"text\/css\" data-created_by=\"avia_inline_auto\" id=\"style-css-av-ketrqqw3-d990f42a44a3146850c02db8d6145184\">\n.avia-image-container.av-ketrqqw3-d990f42a44a3146850c02db8d6145184 img.avia_image{\nbox-shadow:none;\n}\n.avia-image-container.av-ketrqqw3-d990f42a44a3146850c02db8d6145184 .av-caption-image-overlay-bg{\nopacity:0.4;\nbackground-color:#000000;\n}\n.avia-image-container.av-ketrqqw3-d990f42a44a3146850c02db8d6145184 .av-image-caption-overlay-center{\ncolor:#ffffff;\n}\n<\/style>\n<div  class='avia-image-container av-ketrqqw3-d990f42a44a3146850c02db8d6145184 av-styling- avia-align-center  avia-builder-el-49  avia-builder-el-no-sibling  noHover av-overlay-hover-deactivate'   itemprop=\"image\" itemscope=\"itemscope\" itemtype=\"https:\/\/schema.org\/ImageObject\" ><div class=\"avia-image-container-inner\"><div class=\"avia-image-overlay-wrap\"><a href=\"https:\/\/campinglaspalmeras.com\/nl\/accommodation\/bungalow-5\/\" class='avia_image' ><div class=\"av-image-caption-overlay\"><div class=\"av-caption-image-overlay-bg\"><\/div><div class=\"av-image-caption-overlay-position\"><div class=\"av-image-caption-overlay-center\"><h2 style=\"color: #ffffff;\">Bungalow 5<\/h2>\n<\/div><\/div><\/div><img decoding=\"async\" class='wp-image-6112 avia-img-lazy-loading-not-6112 avia_image ' src=\"https:\/\/campinglaspalmeras.com\/wp-content\/uploads\/2021\/07\/Bungalow-5-01-1-495x400.jpg\" alt='Bungalow 5 01' title='Bungalow 5 01'  height=\"400\" width=\"495\"  itemprop=\"thumbnailUrl\" srcset=\"https:\/\/campinglaspalmeras.com\/wp-content\/uploads\/2021\/07\/Bungalow-5-01-1-495x400.jpg 495w, https:\/\/campinglaspalmeras.com\/wp-content\/uploads\/2021\/07\/Bungalow-5-01-1-845x684.jpg 845w\" sizes=\"(max-width: 495px) 100vw, 495px\" \/><\/a><\/div><\/div><\/div><\/div>\n<style type=\"text\/css\" data-created_by=\"avia_inline_auto\" id=\"style-css-av-f0d2s-8e76a2bef26d88b229bd3e9cc7b95362\">\n.flex_column.av-f0d2s-8e76a2bef26d88b229bd3e9cc7b95362{\n-webkit-border-radius:0px 0px 0px 0px;\n-moz-border-radius:0px 0px 0px 0px;\nborder-radius:0px 0px 0px 0px;\npadding:0px 0px 0px 0px;\n}\n<\/style>\n<div  class='flex_column av-f0d2s-8e76a2bef26d88b229bd3e9cc7b95362 av_one_third  avia-builder-el-50  el_after_av_one_third  el_before_av_one_third  flex_column_div av-zero-column-padding  column-top-margin'     ><style type=\"text\/css\" data-created_by=\"avia_inline_auto\" id=\"style-css-av-ketrqqw3-59103dbb296fb2a0513a9bfd1ada7a28\">\n.avia-image-container.av-ketrqqw3-59103dbb296fb2a0513a9bfd1ada7a28 img.avia_image{\nbox-shadow:none;\n}\n.avia-image-container.av-ketrqqw3-59103dbb296fb2a0513a9bfd1ada7a28 .av-caption-image-overlay-bg{\nopacity:0.4;\nbackground-color:#000000;\n}\n.avia-image-container.av-ketrqqw3-59103dbb296fb2a0513a9bfd1ada7a28 .av-image-caption-overlay-center{\ncolor:#ffffff;\n}\n<\/style>\n<div  class='avia-image-container av-ketrqqw3-59103dbb296fb2a0513a9bfd1ada7a28 av-styling- avia-align-center  avia-builder-el-51  avia-builder-el-no-sibling  noHover av-overlay-hover-deactivate'   itemprop=\"image\" itemscope=\"itemscope\" itemtype=\"https:\/\/schema.org\/ImageObject\" ><div class=\"avia-image-container-inner\"><div class=\"avia-image-overlay-wrap\"><a href=\"https:\/\/campinglaspalmeras.com\/nl\/accommodation\/stacaravan-42\/\" class='avia_image' ><div class=\"av-image-caption-overlay\"><div class=\"av-caption-image-overlay-bg\"><\/div><div class=\"av-image-caption-overlay-position\"><div class=\"av-image-caption-overlay-center\"><h2 style=\"color: #ffffff;\">Mobil home 5<\/h2>\n<\/div><\/div><\/div><img decoding=\"async\" class='wp-image-6121 avia-img-lazy-loading-not-6121 avia_image ' src=\"https:\/\/campinglaspalmeras.com\/wp-content\/uploads\/2021\/07\/Mobil-home-5-01-1-495x400.jpg\" alt='Mobil home 5 01' title='Mobil home 5 01'  height=\"400\" width=\"495\"  itemprop=\"thumbnailUrl\" srcset=\"https:\/\/campinglaspalmeras.com\/wp-content\/uploads\/2021\/07\/Mobil-home-5-01-1-495x400.jpg 495w, https:\/\/campinglaspalmeras.com\/wp-content\/uploads\/2021\/07\/Mobil-home-5-01-1-845x684.jpg 845w\" sizes=\"(max-width: 495px) 100vw, 495px\" \/><\/a><\/div><\/div><\/div><\/div>\n<style type=\"text\/css\" data-created_by=\"avia_inline_auto\" id=\"style-css-av-8zss4-8e6d2598b2448526ab9fed082191b895\">\n.flex_column.av-8zss4-8e6d2598b2448526ab9fed082191b895{\n-webkit-border-radius:0px 0px 0px 0px;\n-moz-border-radius:0px 0px 0px 0px;\nborder-radius:0px 0px 0px 0px;\npadding:0px 0px 0px 0px;\n}\n<\/style>\n<div  class='flex_column av-8zss4-8e6d2598b2448526ab9fed082191b895 av_one_third  avia-builder-el-52  el_after_av_one_third  avia-builder-el-last  flex_column_div av-zero-column-padding  column-top-margin'     ><style type=\"text\/css\" data-created_by=\"avia_inline_auto\" id=\"style-css-av-ketrqqw3-26c27c9fc780bfa9563906daaa9ff54a\">\n.avia-image-container.av-ketrqqw3-26c27c9fc780bfa9563906daaa9ff54a img.avia_image{\nbox-shadow:none;\n}\n.avia-image-container.av-ketrqqw3-26c27c9fc780bfa9563906daaa9ff54a .av-caption-image-overlay-bg{\nopacity:0.4;\nbackground-color:#000000;\n}\n.avia-image-container.av-ketrqqw3-26c27c9fc780bfa9563906daaa9ff54a .av-image-caption-overlay-center{\ncolor:#ffffff;\n}\n<\/style>\n<div  class='avia-image-container av-ketrqqw3-26c27c9fc780bfa9563906daaa9ff54a av-styling- avia-align-center  avia-builder-el-53  avia-builder-el-no-sibling  noHover av-overlay-hover-deactivate'   itemprop=\"image\" itemscope=\"itemscope\" itemtype=\"https:\/\/schema.org\/ImageObject\" ><div class=\"avia-image-container-inner\"><div class=\"avia-image-overlay-wrap\"><a href=\"https:\/\/campinglaspalmeras.com\/nl\/accommodation\/bungalow-suite-6\/\" class='avia_image' ><div class=\"av-image-caption-overlay\"><div class=\"av-caption-image-overlay-bg\"><\/div><div class=\"av-image-caption-overlay-position\"><div class=\"av-image-caption-overlay-center\"><h2 style=\"color: #ffffff;\">Bungalow Suite 6<\/h2>\n<\/div><\/div><\/div><img decoding=\"async\" class='wp-image-6129 avia-img-lazy-loading-not-6129 avia_image ' src=\"https:\/\/campinglaspalmeras.com\/wp-content\/uploads\/2021\/07\/Bungalow-Suite-02-1-495x400.jpg\" alt='DCIM100MEDIADJI_0258.JPG' title='DCIM100MEDIADJI_0258.JPG'  height=\"400\" width=\"495\"  itemprop=\"thumbnailUrl\"  \/><\/a><\/div><\/div><\/div><\/div>\n\n<\/div><\/div><\/div><!-- close content main div --><\/div><\/div>\n<style type=\"text\/css\" data-created_by=\"avia_inline_auto\" id=\"style-css-av-kewjxt4p-536139d7196fa894e2d9a06dd80ec103\">\n.avia-section.av-kewjxt4p-536139d7196fa894e2d9a06dd80ec103{\nbackground-color:#ffa300;\nbackground-image:unset;\n}\n<\/style>\n<div id='av_section_6'  class='avia-section av-kewjxt4p-536139d7196fa894e2d9a06dd80ec103 main_color avia-section-default avia-no-border-styling  avia-builder-el-54  el_after_av_section  el_before_av_partner  avia-bg-style-scroll container_wrap sidebar_right'  ><div class='container av-section-cont-open' ><div class='template-page content  av-content-small alpha units'><div class='post-entry post-entry-type-page post-entry-754'><div class='entry-content-wrapper clearfix'>\n\n<style type=\"text\/css\" data-created_by=\"avia_inline_auto\" id=\"style-css-av-av_heading-c7095412f92c034df1dcf2412fef8334\">\n#top .av-special-heading.av-av_heading-c7095412f92c034df1dcf2412fef8334{\npadding-bottom:10px;\ncolor:#ffffff;\n}\nbody .av-special-heading.av-av_heading-c7095412f92c034df1dcf2412fef8334 .av-special-heading-tag .heading-char{\nfont-size:25px;\n}\n.av-special-heading.av-av_heading-c7095412f92c034df1dcf2412fef8334 .special-heading-inner-border{\nborder-color:#ffffff;\n}\n.av-special-heading.av-av_heading-c7095412f92c034df1dcf2412fef8334 .av-subheading{\nfont-size:15px;\n}\n<\/style>\n<div  class='av-special-heading av-av_heading-c7095412f92c034df1dcf2412fef8334 av-special-heading-h2 custom-color-heading blockquote modern-quote modern-centered  avia-builder-el-55  el_before_av_hr  avia-builder-el-first '><h2 class='av-special-heading-tag'  itemprop=\"headline\"  >Projetez-vous et regardez ce qui vous attend\u2026<\/h2><div class=\"special-heading-border\"><div class=\"special-heading-inner-border\"><\/div><\/div><\/div>\n\n<style type=\"text\/css\" data-created_by=\"avia_inline_auto\" id=\"style-css-av-i202-49867aa770271328f6fead0ad771a9c2\">\n#top .hr.hr-invisible.av-i202-49867aa770271328f6fead0ad771a9c2{\nheight:30px;\n}\n<\/style>\n<div  class='hr av-i202-49867aa770271328f6fead0ad771a9c2 hr-invisible  avia-builder-el-56  el_after_av_heading  el_before_av_one_fourth '><span class='hr-inner '><span class=\"hr-inner-style\"><\/span><\/span><\/div>\n\n<style type=\"text\/css\" data-created_by=\"avia_inline_auto\" id=\"style-css-av-3cpm-2e5f0c3d33034e96f1fe36ee91d0acc1\">\n.flex_column.av-3cpm-2e5f0c3d33034e96f1fe36ee91d0acc1{\n-webkit-border-radius:0px 0px 0px 0px;\n-moz-border-radius:0px 0px 0px 0px;\nborder-radius:0px 0px 0px 0px;\npadding:0px 0px 0px 0px;\n}\n<\/style>\n<div  class='flex_column av-3cpm-2e5f0c3d33034e96f1fe36ee91d0acc1 av_one_fourth  avia-builder-el-57  el_after_av_hr  el_before_av_one_fourth  first flex_column_div av-zero-column-padding  '     ><\/div>\n<style type=\"text\/css\" data-created_by=\"avia_inline_auto\" id=\"style-css-av-6rs6-1246ae2de42353f65c818d8ede26b60a\">\n.flex_column.av-6rs6-1246ae2de42353f65c818d8ede26b60a{\n-webkit-border-radius:0px 0px 0px 0px;\n-moz-border-radius:0px 0px 0px 0px;\nborder-radius:0px 0px 0px 0px;\npadding:0px 0px 0px 0px;\n}\n<\/style>\n<div  class='flex_column av-6rs6-1246ae2de42353f65c818d8ede26b60a av_one_fourth  avia-builder-el-58  el_after_av_one_fourth  el_before_av_one_fourth  flex_column_div av-zero-column-padding  '     ><div  class='avia-button-wrap av-k88vn1jp-491f4feac050ace83a676d8980a6d748-wrap avia-button-center  avia-builder-el-59  avia-builder-el-no-sibling '><a href='https:\/\/campinglaspalmeras.com\/es\/virtual-tour\/'  class='avia-button av-k88vn1jp-491f4feac050ace83a676d8980a6d748 avia-icon_select-no avia-size-x-large avia-position-center avia-color-light'  ><span class='avia_iconbox_title' >Visite virtuelle \u00e0 360\u00ba<\/span><\/a><\/div><\/div>\n<style type=\"text\/css\" data-created_by=\"avia_inline_auto\" id=\"style-css-av-4uye-fabab1f0015d9bf22bdaadb60ce03b4a\">\n.flex_column.av-4uye-fabab1f0015d9bf22bdaadb60ce03b4a{\n-webkit-border-radius:0px 0px 0px 0px;\n-moz-border-radius:0px 0px 0px 0px;\nborder-radius:0px 0px 0px 0px;\npadding:0px 0px 0px 0px;\n}\n<\/style>\n<div  class='flex_column av-4uye-fabab1f0015d9bf22bdaadb60ce03b4a av_one_fourth  avia-builder-el-60  el_after_av_one_fourth  avia-builder-el-last  flex_column_div av-zero-column-padding  '     ><div  class='avia-button-wrap av-k88vn1jp-fabf28e574db04d49aa07aa37ec1bf42-wrap avia-button-center  avia-builder-el-61  avia-builder-el-no-sibling '><a href='https:\/\/campinglaspalmeras.com\/webcam\/'  class='avia-button av-k88vn1jp-fabf28e574db04d49aa07aa37ec1bf42 avia-icon_select-no avia-size-x-large avia-position-center avia-color-light'  ><span class='avia_iconbox_title' >Webcams<\/span><\/a><\/div><\/div>\n<\/div><\/div><\/div><!-- close content main div --><\/div><\/div><div id='after_section_6'  class='main_color av_default_container_wrap container_wrap sidebar_right'  ><div class='container av-section-cont-open' ><div class='template-page content  av-content-small alpha units'><div class='post-entry post-entry-type-page post-entry-754'><div class='entry-content-wrapper clearfix'>\n<div  class='avia-logo-element-container av-kevgj3mz-bcbc9f4be59cc790aad2fb612aaa53c3 av-border-deactivate avia-logo-slider avia-content-slider avia-smallarrow-slider avia-content-slider-active noHover avia-content-slider-odd  avia-builder-el-62  el_after_av_section  avia-builder-el-no-sibling  av-slideshow-ui av-control-default av-nav-arrows-visible av-nav-dots-visible av-no-slider-navigation av-slideshow-autoplay av-loop-endless av-loop-manual-endless avia-content-slider1' data-slideshow-options=\"{&quot;animation&quot;:&quot;slide&quot;,&quot;autoplay&quot;:true,&quot;loop_autoplay&quot;:&quot;endless&quot;,&quot;interval&quot;:5,&quot;loop_manual&quot;:&quot;manual-endless&quot;,&quot;autoplay_stopper&quot;:false,&quot;noNavigation&quot;:false,&quot;bg_slider&quot;:false,&quot;keep_padding&quot;:&quot;&quot;,&quot;hoverpause&quot;:false,&quot;show_slide_delay&quot;:0}\"><div class='avia-smallarrow-slider-heading  no-logo-slider-heading '><div class='new-special-heading'>&nbsp;<\/div><div class='avia-slideshow-arrows avia-slideshow-controls' ><a href='#prev' class='prev-slide ' aria-hidden='true' data-av_icon='\ue87c' data-av_iconfont='entypo-fontello'  tabindex='-1'>Pr\u00e9c\u00e9dent<\/a><a href='#next' class='next-slide ' aria-hidden='true' data-av_icon='\ue87d' data-av_iconfont='entypo-fontello'  tabindex='-1'>Suivant<\/a><\/div><\/div><div class=\"avia-content-slider-inner\"><div class=\"slide-entry-wrap\"><div  class='slide-entry av-j1a2-d1e99b04f52a22bd956b129816793743 flex_column no_margin av_one_fifth real-thumbnail post-entry slide-entry-overview slide-loop-1 slide-parity-odd  first'><span class='av-partner-fake-img' style='padding-bottom:56.5%; background-image:url(https:\/\/campinglaspalmeras.com\/wp-content\/uploads\/2020\/09\/ff_0007_DCC_Europapreis_2017_1_rgb-300x150-1.jpg);'><\/span><\/div><div  class='slide-entry av-3kk4-5ef55f978192eaf2c0a5cdfeb428aa42 flex_column no_margin av_one_fifth real-thumbnail post-entry slide-entry-overview slide-loop-2 slide-parity-even  '><a href=\"https:\/\/www.anwbcamping.nl\/53239?utm_source=Camping%20Las%20Palmeras&amp;utm_medium=widget&amp;utm_content=logo-lg&amp;utm_campaign=anwbcamping-widget\" data-rel='slide-1' class='slide-image' title='' target=\"_blank\" rel=\"noopener noreferrer\"><span class='av-partner-fake-img' style='padding-bottom:56.5%; background-image:url(https:\/\/campinglaspalmeras.com\/wp-content\/uploads\/2025\/12\/anwb.jpg);'><\/span><\/a><\/div><div  class='slide-entry av-3e4g-27ab38f803cbfb99db23c08852cb593e flex_column no_margin av_one_fifth real-thumbnail post-entry slide-entry-overview slide-loop-3 slide-parity-odd  '><a href=\"https:\/\/www.tripadvisor.co.uk\/Hotel_Review-g1071417-d1776998-Reviews-Camping_Las_Palmeras-Sant_Pere_Pescador_Costa_Brava_Province_of_Girona_Catalonia.html\" data-rel='slide-1' class='slide-image' title='' target=\"_blank\" rel=\"noopener noreferrer\"><span class='av-partner-fake-img' style='padding-bottom:56.5%; background-image:url(https:\/\/campinglaspalmeras.com\/wp-content\/uploads\/2020\/11\/tripadvisor-1.jpg);'><\/span><\/a><\/div><div  class='slide-entry av-956m-4e48d4f673a19e73490f37599718b336 flex_column no_margin av_one_fifth real-thumbnail post-entry slide-entry-overview slide-loop-4 slide-parity-even  '><a href=\"https:\/\/www.zoover.nl\/spanje\/catalonie-costa-brava-en-costa-dorada\/sant-pere-pescador\/las-palmeras-costa-brava\/camping\" data-rel='slide-1' class='slide-image' title='' target=\"_blank\" rel=\"noopener noreferrer\"><span class='av-partner-fake-img' style='padding-bottom:56.5%; background-image:url(https:\/\/campinglaspalmeras.com\/wp-content\/uploads\/2020\/09\/ff_0004_zoover_badget.jpg);'><\/span><\/a><\/div><div  class='slide-entry av-m8rj93r1-966039347e411fdadde5dffb13b9b876 flex_column no_margin av_one_fifth real-thumbnail post-entry slide-entry-overview slide-loop-5 slide-parity-odd  '><a href=\"https:\/\/www.pincamp.de\/campingplaetze\/camping-las-palmeras-costa-brava\" data-rel='slide-1' class='slide-image' title='' target=\"_blank\" rel=\"noopener noreferrer\"><span class='av-partner-fake-img' style='padding-bottom:56.5%; background-image:url(https:\/\/campinglaspalmeras.com\/wp-content\/uploads\/2025\/12\/adac.jpg);'><\/span><\/a><\/div><\/div><div class=\"slide-entry-wrap\"><div  class='slide-entry av-4x4g-cd6c12f9ce3d329d5aec9b3c894214e9 flex_column no_margin av_one_fifth real-thumbnail post-entry slide-entry-overview slide-loop-6 slide-parity-odd  first'><a href=\"http:\/\/www.campingsingirona.com\/\" data-rel='slide-1' class='slide-image' title='' target=\"_blank\" rel=\"noopener noreferrer\"><span class='av-partner-fake-img' style='padding-bottom:56.5%; background-image:url(https:\/\/campinglaspalmeras.com\/wp-content\/uploads\/2020\/09\/ff_0002_campings_in_girona.jpg);'><\/span><\/a><\/div><div  class='slide-entry av-5vm4-492cccaa832fbe37095367c78329130a flex_column no_margin av_one_fifth real-thumbnail post-entry slide-entry-overview slide-loop-7 slide-parity-even  '><span class='av-partner-fake-img' style='padding-bottom:56.5%; background-image:url(https:\/\/campinglaspalmeras.com\/wp-content\/uploads\/2020\/09\/ff_0001_Costa-Brava-National-Geographic-2012-300x138-1.jpg);'><\/span><\/div><div  class='slide-entry av-3pgi-e5a45f582225229e6075d217611fa91b flex_column no_margin av_one_fifth real-thumbnail post-entry slide-entry-overview slide-loop-8 slide-parity-odd  '><a href=\"https:\/\/www.campingnavigator.com\/nl\/campings-spanje\/costa-brava\/las-palmeras\/\" data-rel='slide-1' class='slide-image' title='' target=\"_blank\" rel=\"noopener noreferrer\"><span class='av-partner-fake-img' style='padding-bottom:56.5%; background-image:url(https:\/\/campinglaspalmeras.com\/wp-content\/uploads\/2020\/09\/ff_0000_Camping-Navigator-Partnership.jpg);'><\/span><\/a><\/div><div  class='slide-entry av-av_partner_logo-6f7703f638ad629b078b120a19ea7df0 flex_column no_margin av_one_fifth real-thumbnail post-entry slide-entry-overview slide-loop-9 slide-parity-even  '><span class='av-partner-fake-img' style='padding-bottom:56.5%; background-image:url(https:\/\/campinglaspalmeras.com\/wp-content\/uploads\/2020\/11\/ff_0006_anw_2019-turisme-familiar.jpg);'><\/span><\/div><div  class='slide-entry av-51zq-5b6a7cbc1b840c956b042bfa8eb389c3 flex_column no_margin av_one_fifth real-thumbnail post-entry slide-entry-overview slide-loop-10 slide-parity-odd  '><span class='av-partner-fake-img' style='padding-bottom:56.5%; background-image:url(https:\/\/campinglaspalmeras.com\/wp-content\/uploads\/2020\/12\/campistes-catalans.jpg);'><\/span><\/div><\/div><div class=\"slide-entry-wrap\"><div  class='slide-entry av-2hto-7918d5c27b4ebbc88ac22dba84f021f6 flex_column no_margin av_one_fifth real-thumbnail post-entry slide-entry-overview slide-loop-11 slide-parity-odd  first'><span class='av-partner-fake-img' style='padding-bottom:56.5%; background-image:url(https:\/\/campinglaspalmeras.com\/wp-content\/uploads\/2020\/12\/mundo-campista.jpg);'><\/span><\/div><div  class='slide-entry av-m8rj7j8f-d1132d9043e1c36fafb389a3b8efbf77 flex_column no_margin av_one_fifth real-thumbnail post-entry slide-entry-overview slide-loop-12 slide-parity-even  '><span class='av-partner-fake-img' style='padding-bottom:56.5%; background-image:url(https:\/\/campinglaspalmeras.com\/wp-content\/uploads\/2025\/11\/pincamp.jpg);'><\/span><\/div><div  class='slide-entry av-lsvwda4j-041c704ed6691aed8991fc5de4ed5d21 flex_column no_margin av_one_fifth real-thumbnail post-entry slide-entry-overview slide-loop-13 slide-parity-odd  '><a href=\"https:\/\/www.glampingcamping.eu\/camping\/camping-las-palmeras\/?sqr=camping%20las%20palmeras%20costa%20brava\" data-rel='slide-1' class='slide-image' title='' target=\"_blank\" rel=\"noopener noreferrer\"><span class='av-partner-fake-img' style='padding-bottom:56.5%; background-image:url(https:\/\/campinglaspalmeras.com\/wp-content\/uploads\/2026\/01\/glamping.jpg);'><\/span><\/a><\/div><div  class='slide-entry av-lsvwda4j-f0bfb3c670aa2c63fe250bc6a06ebbf5 flex_column no_margin av_one_fifth real-thumbnail post-entry slide-entry-overview slide-loop-14 slide-parity-even  '><a href=\"https:\/\/www.eurocampings.co.uk\/spain\/catalonia\/girona\/sant-pere-pescador\/camping-las-palmeras-106783\/?_gl=1*8pvo1p*_ga*MTA3OTYyMjA2Ni4xNzE0NTU4MDYy*_ga_89DZJSGXE4*MTcxNjU1OTU5NS4zLjAuMTcxNjU1OTYwMC41NS4wLjA.&amp;_ga=2.123609291.1786935440.1716556015-1079622066.1714558062\" data-rel='slide-1' class='slide-image' title='' target=\"_blank\" rel=\"noopener noreferrer\"><span class='av-partner-fake-img' style='padding-bottom:56.5%; background-image:url(https:\/\/campinglaspalmeras.com\/wp-content\/uploads\/2024\/05\/utilizada.jpg);'><\/span><\/a><\/div><div  class='slide-entry av-lsvwda4j-f14ba464240e288fb93b5bf0221a7f65 flex_column no_margin av_one_fifth real-thumbnail post-entry slide-entry-overview slide-loop-15 slide-parity-odd post-entry-last '><a href=\"https:\/\/www.theworldluxurytravelawards.com\/\" data-rel='slide-1' class='slide-image' title='' target=\"_blank\" rel=\"noopener noreferrer\"><span class='av-partner-fake-img' style='padding-bottom:56.5%; background-image:url(https:\/\/campinglaspalmeras.com\/wp-content\/uploads\/2025\/11\/marcas-rectangular-luxury.jpg);'><\/span><\/a><\/div><\/div><\/div><\/div>\n","protected":false},"excerpt":{"rendered":"","protected":false},"author":1,"featured_media":0,"parent":0,"menu_order":0,"comment_status":"closed","ping_status":"open","template":"","meta":[],"yoast_head":"<!-- This site is optimized with the Yoast SEO plugin v20.9 - https:\/\/yoast.com\/wordpress\/plugins\/seo\/ -->\n<title>Accueil - Camping Las Palmeras Costa Brava<\/title>\n<meta name=\"description\" content=\"Las Palmeras est un petit camping situ\u00e9 dans la Costa Brava, tr\u00e8s calme et confortable, o\u00f9 s\u00fbrement nos clients vont jouir d\u2019un s\u00e9jour inoubliable.\" \/>\n<meta name=\"robots\" content=\"index, follow, max-snippet:-1, max-image-preview:large, max-video-preview:-1\" \/>\n<link rel=\"canonical\" href=\"https:\/\/campinglaspalmeras.com\/fr\/accueil\/\" \/>\n<meta property=\"og:locale\" content=\"fr_FR\" \/>\n<meta property=\"og:type\" content=\"article\" \/>\n<meta property=\"og:title\" content=\"Accueil - Camping Las Palmeras Costa Brava\" \/>\n<meta property=\"og:description\" content=\"Las Palmeras est un petit camping situ\u00e9 dans la Costa Brava, tr\u00e8s calme et confortable, o\u00f9 s\u00fbrement nos clients vont jouir d\u2019un s\u00e9jour inoubliable.\" \/>\n<meta property=\"og:url\" content=\"https:\/\/campinglaspalmeras.com\/fr\/accueil\/\" \/>\n<meta property=\"og:site_name\" content=\"Camping Las Palmeras Costa Brava\" \/>\n<meta property=\"article:publisher\" content=\"https:\/\/www.facebook.com\/campingpalmeras\" \/>\n<meta property=\"article:modified_time\" content=\"2026-01-15T15:45:32+00:00\" \/>\n<meta property=\"og:image\" content=\"https:\/\/campinglaspalmeras.com\/wp-content\/uploads\/2021\/05\/estrellas.png\" \/>\n<meta name=\"twitter:card\" content=\"summary_large_image\" \/>\n<meta name=\"twitter:site\" content=\"@CLasPalmeras\" \/>\n<meta name=\"twitter:label1\" content=\"Dur\u00e9e de lecture estim\u00e9e\" \/>\n\t<meta name=\"twitter:data1\" content=\"13 minutes\" \/>\n<script type=\"application\/ld+json\" class=\"yoast-schema-graph\">{\"@context\":\"https:\/\/schema.org\",\"@graph\":[{\"@type\":\"WebPage\",\"@id\":\"https:\/\/campinglaspalmeras.com\/fr\/accueil\/\",\"url\":\"https:\/\/campinglaspalmeras.com\/fr\/accueil\/\",\"name\":\"Accueil - Camping Las Palmeras Costa Brava\",\"isPartOf\":{\"@id\":\"https:\/\/campinglaspalmeras.com\/ca\/#website\"},\"datePublished\":\"2015-07-06T18:51:09+00:00\",\"dateModified\":\"2026-01-15T15:45:32+00:00\",\"description\":\"Las Palmeras est un petit camping situ\u00e9 dans la Costa Brava, tr\u00e8s calme et confortable, o\u00f9 s\u00fbrement nos clients vont jouir d\u2019un s\u00e9jour inoubliable.\",\"breadcrumb\":{\"@id\":\"https:\/\/campinglaspalmeras.com\/fr\/accueil\/#breadcrumb\"},\"inLanguage\":\"fr-FR\",\"potentialAction\":[{\"@type\":\"ReadAction\",\"target\":[\"https:\/\/campinglaspalmeras.com\/fr\/accueil\/\"]}]},{\"@type\":\"BreadcrumbList\",\"@id\":\"https:\/\/campinglaspalmeras.com\/fr\/accueil\/#breadcrumb\",\"itemListElement\":[{\"@type\":\"ListItem\",\"position\":1,\"name\":\"Portada\",\"item\":\"https:\/\/campinglaspalmeras.com\/fr\/accueil\/\"},{\"@type\":\"ListItem\",\"position\":2,\"name\":\"Accueil\"}]},{\"@type\":\"WebSite\",\"@id\":\"https:\/\/campinglaspalmeras.com\/ca\/#website\",\"url\":\"https:\/\/campinglaspalmeras.com\/ca\/\",\"name\":\"Camping Las Palmeras Costa Brava\",\"description\":\"Camping Las Palmeras Costa Brava\",\"potentialAction\":[{\"@type\":\"SearchAction\",\"target\":{\"@type\":\"EntryPoint\",\"urlTemplate\":\"https:\/\/campinglaspalmeras.com\/ca\/?s={search_term_string}\"},\"query-input\":\"required name=search_term_string\"}],\"inLanguage\":\"fr-FR\"}]}<\/script>\n<!-- \/ Yoast SEO plugin. -->","yoast_head_json":{"title":"Accueil - Camping Las Palmeras Costa Brava","description":"Las Palmeras est un petit camping situ\u00e9 dans la Costa Brava, tr\u00e8s calme et confortable, o\u00f9 s\u00fbrement nos clients vont jouir d\u2019un s\u00e9jour inoubliable.","robots":{"index":"index","follow":"follow","max-snippet":"max-snippet:-1","max-image-preview":"max-image-preview:large","max-video-preview":"max-video-preview:-1"},"canonical":"https:\/\/campinglaspalmeras.com\/fr\/accueil\/","og_locale":"fr_FR","og_type":"article","og_title":"Accueil - Camping Las Palmeras Costa Brava","og_description":"Las Palmeras est un petit camping situ\u00e9 dans la Costa Brava, tr\u00e8s calme et confortable, o\u00f9 s\u00fbrement nos clients vont jouir d\u2019un s\u00e9jour inoubliable.","og_url":"https:\/\/campinglaspalmeras.com\/fr\/accueil\/","og_site_name":"Camping Las Palmeras Costa Brava","article_publisher":"https:\/\/www.facebook.com\/campingpalmeras","article_modified_time":"2026-01-15T15:45:32+00:00","og_image":[{"url":"https:\/\/campinglaspalmeras.com\/wp-content\/uploads\/2021\/05\/estrellas.png"}],"twitter_card":"summary_large_image","twitter_site":"@CLasPalmeras","twitter_misc":{"Dur\u00e9e de lecture estim\u00e9e":"13 minutes"},"schema":{"@context":"https:\/\/schema.org","@graph":[{"@type":"WebPage","@id":"https:\/\/campinglaspalmeras.com\/fr\/accueil\/","url":"https:\/\/campinglaspalmeras.com\/fr\/accueil\/","name":"Accueil - Camping Las Palmeras Costa Brava","isPartOf":{"@id":"https:\/\/campinglaspalmeras.com\/ca\/#website"},"datePublished":"2015-07-06T18:51:09+00:00","dateModified":"2026-01-15T15:45:32+00:00","description":"Las Palmeras est un petit camping situ\u00e9 dans la Costa Brava, tr\u00e8s calme et confortable, o\u00f9 s\u00fbrement nos clients vont jouir d\u2019un s\u00e9jour inoubliable.","breadcrumb":{"@id":"https:\/\/campinglaspalmeras.com\/fr\/accueil\/#breadcrumb"},"inLanguage":"fr-FR","potentialAction":[{"@type":"ReadAction","target":["https:\/\/campinglaspalmeras.com\/fr\/accueil\/"]}]},{"@type":"BreadcrumbList","@id":"https:\/\/campinglaspalmeras.com\/fr\/accueil\/#breadcrumb","itemListElement":[{"@type":"ListItem","position":1,"name":"Portada","item":"https:\/\/campinglaspalmeras.com\/fr\/accueil\/"},{"@type":"ListItem","position":2,"name":"Accueil"}]},{"@type":"WebSite","@id":"https:\/\/campinglaspalmeras.com\/ca\/#website","url":"https:\/\/campinglaspalmeras.com\/ca\/","name":"Camping Las Palmeras Costa Brava","description":"Camping Las Palmeras Costa Brava","potentialAction":[{"@type":"SearchAction","target":{"@type":"EntryPoint","urlTemplate":"https:\/\/campinglaspalmeras.com\/ca\/?s={search_term_string}"},"query-input":"required name=search_term_string"}],"inLanguage":"fr-FR"}]}},"_links":{"self":[{"href":"https:\/\/campinglaspalmeras.com\/fr\/wp-json\/wp\/v2\/pages\/754"}],"collection":[{"href":"https:\/\/campinglaspalmeras.com\/fr\/wp-json\/wp\/v2\/pages"}],"about":[{"href":"https:\/\/campinglaspalmeras.com\/fr\/wp-json\/wp\/v2\/types\/page"}],"author":[{"embeddable":true,"href":"https:\/\/campinglaspalmeras.com\/fr\/wp-json\/wp\/v2\/users\/1"}],"replies":[{"embeddable":true,"href":"https:\/\/campinglaspalmeras.com\/fr\/wp-json\/wp\/v2\/comments?post=754"}],"version-history":[{"count":9,"href":"https:\/\/campinglaspalmeras.com\/fr\/wp-json\/wp\/v2\/pages\/754\/revisions"}],"predecessor-version":[{"id":10515,"href":"https:\/\/campinglaspalmeras.com\/fr\/wp-json\/wp\/v2\/pages\/754\/revisions\/10515"}],"wp:attachment":[{"href":"https:\/\/campinglaspalmeras.com\/fr\/wp-json\/wp\/v2\/media?parent=754"}],"curies":[{"name":"wp","href":"https:\/\/api.w.org\/{rel}","templated":true}]}}